{"id":121,"date":"2019-12-22T10:33:12","date_gmt":"2019-12-22T10:33:12","guid":{"rendered":"http:\/\/localhost\/gastrocaceres\/?page_id=121"},"modified":"2022-05-30T11:50:32","modified_gmt":"2022-05-30T11:50:32","slug":"inicio","status":"publish","type":"page","link":"https:\/\/2022.jatoprovinciadecaceres.es\/gastrocaceres\/","title":{"rendered":"Inicio"},"content":{"rendered":"\t\t<div data-elementor-type=\"wp-page\" data-elementor-id=\"121\" class=\"elementor elementor-121\">\n\t\t\t\t\t\t<section class=\"elementor-section elementor-top-section elementor-element elementor-element-1ac9093 elementor-section-content-top aux-cyclist-awards elementor-section-stretched elementor-section-boxed elementor-section-height-default elementor-section-height-default\" data-id=\"1ac9093\" data-element_type=\"section\" data-e-type=\"section\" id=\"awards\" data-settings=\"{&quot;background_background&quot;:&quot;classic&quot;,&quot;stretch_section&quot;:&quot;section-stretched&quot;}\">\n\t\t\t\t\t\t<div class=\"elementor-container elementor-column-gap-no\">\n\t\t\t\t\t<div class=\"aux-parallax-section elementor-column elementor-col-50 elementor-top-column elementor-element elementor-element-a3c4882\" data-id=\"a3c4882\" data-element_type=\"column\" data-e-type=\"column\">\n\t\t\t<div class=\"elementor-widget-wrap elementor-element-populated\">\n\t\t\t\t\t\t<div class=\"elementor-element elementor-element-b48ac03 aux-appear-watch-animation aux-fade-in-right-1 elementor-widget elementor-widget-aux_modern_heading\" data-id=\"b48ac03\" data-element_type=\"widget\" data-e-type=\"widget\" data-widget_type=\"aux_modern_heading.default\">\n\t\t\t\t<div class=\"elementor-widget-container\">\n\t\t\t\t\t<section class=\"aux-widget-modern-heading\">\n            <div class=\"aux-widget-inner\"><h2 class=\"aux-modern-heading-primary\">Encuentro<br \/>\nde Oportunidades<br \/>\nen el Medio Rural<br \/>\nde la Provincia<br \/>\nde C\u00e1ceres<br \/><\/h2><\/div>\n        <\/section>\t\t\t\t<\/div>\n\t\t\t\t<\/div>\n\t\t\t\t<div class=\"elementor-element elementor-element-43d8253 aux-appear-watch-animation aux-fade-in-up elementor-widget elementor-widget-text-editor\" data-id=\"43d8253\" data-element_type=\"widget\" data-e-type=\"widget\" data-widget_type=\"text-editor.default\">\n\t\t\t\t<div class=\"elementor-widget-container\">\n\t\t\t\t\t\t\t\t\t3-5<br\/>\njunio<br\/>\n2022\n\t\t\t\t\t\t\t\t<\/div>\n\t\t\t\t<\/div>\n\t\t\t\t<div class=\"elementor-element elementor-element-870c8fd aux-appear-watch-animation aux-slide-from-left elementor-widget-divider--view-line elementor-widget elementor-widget-divider\" data-id=\"870c8fd\" data-element_type=\"widget\" data-e-type=\"widget\" data-widget_type=\"divider.default\">\n\t\t\t\t<div class=\"elementor-widget-container\">\n\t\t\t\t\t\t\t<div class=\"elementor-divider\">\n\t\t\t<span class=\"elementor-divider-separator\">\n\t\t\t\t\t\t<\/span>\n\t\t<\/div>\n\t\t\t\t\t\t<\/div>\n\t\t\t\t<\/div>\n\t\t\t\t<div class=\"elementor-element elementor-element-9f89c2d aux-appear-watch-animation aux-fade-in-up elementor-widget elementor-widget-text-editor\" data-id=\"9f89c2d\" data-element_type=\"widget\" data-e-type=\"widget\" data-widget_type=\"text-editor.default\">\n\t\t\t\t<div class=\"elementor-widget-container\">\n\t\t\t\t\t\t\t\t\t<p>C\u00e1ceres<\/p>\t\t\t\t\t\t\t\t<\/div>\n\t\t\t\t<\/div>\n\t\t\t\t\t<\/div>\n\t\t<\/div>\n\t\t\t\t<div class=\"aux-parallax-section elementor-column elementor-col-50 elementor-top-column elementor-element elementor-element-727e02f\" data-id=\"727e02f\" data-element_type=\"column\" data-e-type=\"column\">\n\t\t\t<div class=\"elementor-widget-wrap elementor-element-populated\">\n\t\t\t\t\t\t<div class=\"elementor-element elementor-element-c3646a3 aux-appear-watch-animation aux-fade-in-right elementor-hidden-desktop elementor-hidden-tablet elementor-hidden-mobile elementor-widget elementor-widget-aux_image\" data-id=\"c3646a3\" data-element_type=\"widget\" data-e-type=\"widget\" data-widget_type=\"aux_image.default\">\n\t\t\t\t<div class=\"elementor-widget-container\">\n\t\t\t\t\t<section class=\"widget-container aux-widget-image aux-alignnone aux-parent-auef124404\">\n    <div class=\"aux-media-hint-frame \">\n        <div class=\"aux-media-image \" >\n        \n            \n\n            \n                        \n                <\/div>\n    <\/div>\n\n<\/section><!-- widget-container -->\t\t\t\t<\/div>\n\t\t\t\t<\/div>\n\t\t\t\t\t<\/div>\n\t\t<\/div>\n\t\t\t\t\t<\/div>\n\t\t<\/section>\n\t\t\t\t<section class=\"elementor-section elementor-top-section elementor-element elementor-element-b949908 elementor-section-full_width elementor-section-stretched elementor-section-height-default elementor-section-height-default\" data-id=\"b949908\" data-element_type=\"section\" data-e-type=\"section\" data-settings=\"{&quot;stretch_section&quot;:&quot;section-stretched&quot;,&quot;background_background&quot;:&quot;classic&quot;}\">\n\t\t\t\t\t\t<div class=\"elementor-container elementor-column-gap-default\">\n\t\t\t\t\t<div class=\"aux-parallax-section elementor-column elementor-col-100 elementor-top-column elementor-element elementor-element-c66c291\" data-id=\"c66c291\" data-element_type=\"column\" data-e-type=\"column\" data-settings=\"{&quot;background_background&quot;:&quot;classic&quot;}\">\n\t\t\t<div class=\"elementor-widget-wrap elementor-element-populated\">\n\t\t\t\t\t\t<div class=\"elementor-element elementor-element-96e8876 aux-appear-watch-animation aux-slide-from-right elementor-widget elementor-widget-image\" data-id=\"96e8876\" data-element_type=\"widget\" data-e-type=\"widget\" data-widget_type=\"image.default\">\n\t\t\t\t<div class=\"elementor-widget-container\">\n\t\t\t\t\t\t\t\t\t\t\t\t\t\t\t<img fetchpriority=\"high\" decoding=\"async\" width=\"3078\" height=\"1857\" src=\"https:\/\/2022.jatoprovinciadecaceres.es\/gastrocaceres\/wp-content\/uploads\/sites\/6\/2022\/05\/jota-turismo.png\" class=\"attachment-full size-full wp-image-1399\" alt=\"\" srcset=\"https:\/\/2022.jatoprovinciadecaceres.es\/gastrocaceres\/wp-content\/uploads\/sites\/6\/2022\/05\/jota-turismo.png 3078w, https:\/\/2022.jatoprovinciadecaceres.es\/gastrocaceres\/wp-content\/uploads\/sites\/6\/2022\/05\/jota-turismo-1536x927.png 1536w, https:\/\/2022.jatoprovinciadecaceres.es\/gastrocaceres\/wp-content\/uploads\/sites\/6\/2022\/05\/jota-turismo-2048x1236.png 2048w\" sizes=\"(max-width: 3078px) 100vw, 3078px\" \/>\t\t\t\t\t\t\t\t\t\t\t\t\t\t\t<\/div>\n\t\t\t\t<\/div>\n\t\t\t\t\t<\/div>\n\t\t<\/div>\n\t\t\t\t\t<\/div>\n\t\t<\/section>\n\t\t\t\t<section class=\"elementor-section elementor-top-section elementor-element elementor-element-f587d26 aux-cyclist-about elementor-section-content-middle elementor-section-boxed elementor-section-height-default elementor-section-height-default\" data-id=\"f587d26\" data-element_type=\"section\" data-e-type=\"section\" id=\"about\" data-settings=\"{&quot;background_background&quot;:&quot;classic&quot;}\">\n\t\t\t\t\t\t<div class=\"elementor-container elementor-column-gap-no\">\n\t\t\t\t\t<div class=\"aux-parallax-section elementor-column elementor-col-50 elementor-top-column elementor-element elementor-element-b14bd00\" data-id=\"b14bd00\" data-element_type=\"column\" data-e-type=\"column\">\n\t\t\t<div class=\"elementor-widget-wrap elementor-element-populated\">\n\t\t\t\t\t\t<div class=\"elementor-element elementor-element-8088b5d aux-appear-watch-animation aux-scale-up elementor-widget elementor-widget-aux_image\" data-id=\"8088b5d\" data-element_type=\"widget\" data-e-type=\"widget\" data-widget_type=\"aux_image.default\">\n\t\t\t\t<div class=\"elementor-widget-container\">\n\t\t\t\t\t<section class=\"widget-container aux-widget-image aux-alignnone aux-parent-au4056f0a2\">\n    <div class=\"aux-media-hint-frame \">\n        <div class=\"aux-media-image \" >\n        \n            \n\n            \n            <img decoding=\"async\" width=\"700\" height=\"700\" src=\"https:\/\/2022.jatoprovinciadecaceres.es\/gastrocaceres\/wp-content\/uploads\/sites\/6\/2022\/05\/Imagen2-700-def.png\" class=\"aux-attachment aux-featured-image aux-attachment-id-1415\" alt=\"Imagen2-700-def\" data-ratio=\"1\" data-original-w=\"700\" \/>            \n                <\/div>\n    <\/div>\n\n<\/section><!-- widget-container -->\t\t\t\t<\/div>\n\t\t\t\t<\/div>\n\t\t\t\t<div class=\"elementor-element elementor-element-b48841c aux-appear-watch-animation aux-fade-in-up-1 elementor-widget elementor-widget-aux_image\" data-id=\"b48841c\" data-element_type=\"widget\" data-e-type=\"widget\" data-widget_type=\"aux_image.default\">\n\t\t\t\t<div class=\"elementor-widget-container\">\n\t\t\t\t\t<section class=\"widget-container aux-widget-image aux-alignnone aux-parent-au73af3dbd\">\n    <div class=\"aux-media-hint-frame \">\n        <div class=\"aux-media-image \" >\n        \n            \n\n            \n                        \n                <\/div>\n    <\/div>\n\n<\/section><!-- widget-container -->\t\t\t\t<\/div>\n\t\t\t\t<\/div>\n\t\t\t\t\t<\/div>\n\t\t<\/div>\n\t\t\t\t<div class=\"aux-parallax-section elementor-column elementor-col-50 elementor-top-column elementor-element elementor-element-31af3be\" data-id=\"31af3be\" data-element_type=\"column\" data-e-type=\"column\">\n\t\t\t<div class=\"elementor-widget-wrap elementor-element-populated\">\n\t\t\t\t\t\t<div class=\"elementor-element elementor-element-ad559fa aux-appear-watch-animation aux-fade-in-right-1 elementor-widget elementor-widget-aux_modern_heading\" data-id=\"ad559fa\" data-element_type=\"widget\" data-e-type=\"widget\" data-widget_type=\"aux_modern_heading.default\">\n\t\t\t\t<div class=\"elementor-widget-container\">\n\t\t\t\t\t<section class=\"aux-widget-modern-heading\">\n            <div class=\"aux-widget-inner\"><p class=\"aux-modern-heading-primary\"><\/p><h2 class=\"aux-modern-heading-secondary\"><span class=\"aux-head-before\">Programaci\u00f3n<br \/><\/span><span class=\"aux-head-highlight\">Gastron\u00f3mica<\/span><\/h2><\/div>\n        <\/section>\t\t\t\t<\/div>\n\t\t\t\t<\/div>\n\t\t\t\t<div class=\"elementor-element elementor-element-3aa9f58 aux-appear-watch-animation aux-fade-in-up elementor-widget elementor-widget-text-editor\" data-id=\"3aa9f58\" data-element_type=\"widget\" data-e-type=\"widget\" data-widget_type=\"text-editor.default\">\n\t\t\t\t<div class=\"elementor-widget-container\">\n\t\t\t\t\t\t\t\t\t<p>Disfruta de la gastronom\u00eda de la provincia de C\u00e1ceres en <strong>JATO<\/strong>.<\/p><p>Del <strong>3 al 5 de junio<\/strong> cocineros de relevancia regional y nacional realizar\u00e1n talleres y showcookings con productos singulares, significativos de cada comarca y con denominaci\u00f3n e indicaci\u00f3n geogr\u00e1fica protegida (D.O.P.\u00a0 e\u00a0 I.G.P.)<\/p><p><a href=\"\/gastrocaceres\/inscribete\/\"><strong>Inscr\u00edbete ya<\/strong><\/a> y descubre junto a los cocineros y productores de la provincia de C\u00e1ceres los sabores del territorio.<\/p>\t\t\t\t\t\t\t\t<\/div>\n\t\t\t\t<\/div>\n\t\t\t\t\t<\/div>\n\t\t<\/div>\n\t\t\t\t\t<\/div>\n\t\t<\/section>\n\t\t\t\t<section class=\"elementor-section elementor-top-section elementor-element elementor-element-1c80982 elementor-section-content-middle aux-cyclist-awards elementor-section-boxed elementor-section-height-default elementor-section-height-default\" data-id=\"1c80982\" data-element_type=\"section\" data-e-type=\"section\" data-settings=\"{&quot;background_background&quot;:&quot;classic&quot;}\">\n\t\t\t\t\t\t<div class=\"elementor-container elementor-column-gap-no\">\n\t\t\t\t\t<div class=\"aux-parallax-section elementor-column elementor-col-50 elementor-top-column elementor-element elementor-element-7b704d9\" data-id=\"7b704d9\" data-element_type=\"column\" data-e-type=\"column\">\n\t\t\t<div class=\"elementor-widget-wrap elementor-element-populated\">\n\t\t\t\t\t\t<div class=\"elementor-element elementor-element-a03aaf8 aux-appear-watch-animation aux-fade-in-right-1 elementor-widget elementor-widget-aux_modern_heading\" data-id=\"a03aaf8\" data-element_type=\"widget\" data-e-type=\"widget\" data-widget_type=\"aux_modern_heading.default\">\n\t\t\t\t<div class=\"elementor-widget-container\">\n\t\t\t\t\t<section class=\"aux-widget-modern-heading\">\n            <div class=\"aux-widget-inner\"><p class=\"aux-modern-heading-primary\"><\/p><h2 class=\"aux-modern-heading-secondary\"><span class=\"aux-head-before\">Talleres<\/span><\/h2><\/div>\n        <\/section>\t\t\t\t<\/div>\n\t\t\t\t<\/div>\n\t\t\t\t<div class=\"elementor-element elementor-element-0d83d63 aux-appear-watch-animation aux-fade-in-up elementor-widget elementor-widget-text-editor\" data-id=\"0d83d63\" data-element_type=\"widget\" data-e-type=\"widget\" data-widget_type=\"text-editor.default\">\n\t\t\t\t<div class=\"elementor-widget-container\">\n\t\t\t\t\t\t\t\t\t<p>\u00bfSab\u00edas que en C\u00e1ceres tenemos, adem\u00e1s de Atrio, un <strong>dos \u00abestrellas Michel\u00edn\u00bb del pan<\/strong>? \u00bfY que el Piment\u00f3n de La Vera puede ser un ingrediente de las <strong>perrunillas<\/strong>? \u00bfTe apetece descubrir c\u00f3mo se elabora el queso de Aceh\u00fache?<\/p><p>Todo esto y mucho m\u00e1s lo descubrir\u00e1s en <strong>JATO<\/strong>. <a href=\"\/gastrocaceres\/inscribete\/\"><strong>Inscr\u00edbete<\/strong><\/a>.<\/p>\t\t\t\t\t\t\t\t<\/div>\n\t\t\t\t<\/div>\n\t\t\t\t<div class=\"elementor-element elementor-element-7a3f9ea aux-appear-watch-animation aux-fade-in-right-1 elementor-widget elementor-widget-aux_modern_heading\" data-id=\"7a3f9ea\" data-element_type=\"widget\" data-e-type=\"widget\" data-widget_type=\"aux_modern_heading.default\">\n\t\t\t\t<div class=\"elementor-widget-container\">\n\t\t\t\t\t<section class=\"aux-widget-modern-heading\">\n            <div class=\"aux-widget-inner\"><p class=\"aux-modern-heading-primary\"><\/p><h2 class=\"aux-modern-heading-secondary\"><span class=\"aux-head-before\">Showcooking<\/span><\/h2><\/div>\n        <\/section>\t\t\t\t<\/div>\n\t\t\t\t<\/div>\n\t\t\t\t<div class=\"elementor-element elementor-element-559ec32 aux-appear-watch-animation aux-fade-in-up elementor-widget elementor-widget-text-editor\" data-id=\"559ec32\" data-element_type=\"widget\" data-e-type=\"widget\" data-widget_type=\"text-editor.default\">\n\t\t\t\t<div class=\"elementor-widget-container\">\n\t\t\t\t\t\t\t\t\t<p><strong>M\u00e1s de 15 cocineros<\/strong> se dar\u00e1n cita en <strong>JATO<\/strong> para darte a conocer sus creaciones gastron\u00f3micas.\u00a0\u00a0<\/p><p>La cocina revelaci\u00f3n de <strong>Vers\u00e1til<\/strong>, el sabor de las elaboraciones de <strong>Eustaquio Blanco<\/strong>, la revoluci\u00f3n dulce de <strong>Chefalia<\/strong> y much\u00edsimas m\u00e1s actividades sabrosas te esperan entre el 3 y el 5 de junio en la plaza Mayor de C\u00e1ceres. <a href=\"\/gastrocaceres\/inscribete\/\"><strong>Inscr\u00edbete<\/strong><\/a>.\u00a0<\/p>\t\t\t\t\t\t\t\t<\/div>\n\t\t\t\t<\/div>\n\t\t\t\t\t<\/div>\n\t\t<\/div>\n\t\t\t\t<div class=\"aux-parallax-section elementor-column elementor-col-50 elementor-top-column elementor-element elementor-element-153bcd0\" data-id=\"153bcd0\" data-element_type=\"column\" data-e-type=\"column\">\n\t\t\t<div class=\"elementor-widget-wrap elementor-element-populated\">\n\t\t\t\t\t\t<div class=\"elementor-element elementor-element-258e62a aux-appear-watch-animation aux-fade-in-right elementor-widget elementor-widget-aux_image\" data-id=\"258e62a\" data-element_type=\"widget\" data-e-type=\"widget\" data-widget_type=\"aux_image.default\">\n\t\t\t\t<div class=\"elementor-widget-container\">\n\t\t\t\t\t<section class=\"widget-container aux-widget-image aux-alignnone aux-parent-aub58633b6\">\n    <div class=\"aux-media-hint-frame \">\n        <div class=\"aux-media-image \" >\n        \n            \n\n            \n            <img decoding=\"async\" width=\"700\" height=\"700\" src=\"https:\/\/2022.jatoprovinciadecaceres.es\/gastrocaceres\/wp-content\/uploads\/sites\/6\/2022\/05\/Imagen3-700-def.png\" class=\"aux-attachment aux-featured-image aux-attachment-id-1518\" alt=\"Imagen3-700-def\" data-ratio=\"1\" data-original-w=\"700\" \/>            \n                <\/div>\n    <\/div>\n\n<\/section><!-- widget-container -->\t\t\t\t<\/div>\n\t\t\t\t<\/div>\n\t\t\t\t\t<\/div>\n\t\t<\/div>\n\t\t\t\t\t<\/div>\n\t\t<\/section>\n\t\t\t\t<section class=\"elementor-section elementor-top-section elementor-element elementor-element-ae46905 elementor-section-full_width elementor-section-stretched elementor-section-height-default elementor-section-height-default\" data-id=\"ae46905\" data-element_type=\"section\" data-e-type=\"section\" data-settings=\"{&quot;stretch_section&quot;:&quot;section-stretched&quot;}\">\n\t\t\t\t\t\t<div class=\"elementor-container elementor-column-gap-default\">\n\t\t\t\t\t<div class=\"aux-parallax-section elementor-column elementor-col-100 elementor-top-column elementor-element elementor-element-dc029d4\" data-id=\"dc029d4\" data-element_type=\"column\" data-e-type=\"column\" data-settings=\"{&quot;background_background&quot;:&quot;classic&quot;}\">\n\t\t\t<div class=\"elementor-widget-wrap elementor-element-populated\">\n\t\t\t\t\t\t<div class=\"elementor-element elementor-element-1afe26d aux-appear-watch-animation aux-slide-from-left elementor-widget elementor-widget-image\" data-id=\"1afe26d\" data-element_type=\"widget\" data-e-type=\"widget\" data-widget_type=\"image.default\">\n\t\t\t\t<div class=\"elementor-widget-container\">\n\t\t\t\t\t\t\t\t\t\t\t\t\t\t\t<img loading=\"lazy\" decoding=\"async\" width=\"3078\" height=\"927\" src=\"https:\/\/2022.jatoprovinciadecaceres.es\/gastrocaceres\/wp-content\/uploads\/sites\/6\/2022\/05\/jota-izquierda.png\" class=\"attachment-full size-full wp-image-525\" alt=\"jota izquierda\" srcset=\"https:\/\/2022.jatoprovinciadecaceres.es\/gastrocaceres\/wp-content\/uploads\/sites\/6\/2022\/05\/jota-izquierda.png 3078w, https:\/\/2022.jatoprovinciadecaceres.es\/gastrocaceres\/wp-content\/uploads\/sites\/6\/2022\/05\/jota-izquierda-1536x463.png 1536w, https:\/\/2022.jatoprovinciadecaceres.es\/gastrocaceres\/wp-content\/uploads\/sites\/6\/2022\/05\/jota-izquierda-2048x617.png 2048w\" sizes=\"(max-width: 3078px) 100vw, 3078px\" \/>\t\t\t\t\t\t\t\t\t\t\t\t\t\t\t<\/div>\n\t\t\t\t<\/div>\n\t\t\t\t\t<\/div>\n\t\t<\/div>\n\t\t\t\t\t<\/div>\n\t\t<\/section>\n\t\t\t\t<section class=\"elementor-section elementor-top-section elementor-element elementor-element-834b14a elementor-section-boxed elementor-section-height-default elementor-section-height-default\" data-id=\"834b14a\" data-element_type=\"section\" data-e-type=\"section\" data-settings=\"{&quot;background_background&quot;:&quot;classic&quot;}\">\n\t\t\t\t\t\t<div class=\"elementor-container elementor-column-gap-default\">\n\t\t\t\t\t<div class=\"aux-parallax-section elementor-column elementor-col-100 elementor-top-column elementor-element elementor-element-8a558f2\" data-id=\"8a558f2\" data-element_type=\"column\" data-e-type=\"column\">\n\t\t\t<div class=\"elementor-widget-wrap elementor-element-populated\">\n\t\t\t\t\t\t<div class=\"elementor-element elementor-element-d7b3fc9 aux-appear-watch-animation aux-fade-in-up elementor-widget elementor-widget-aux_modern_heading\" data-id=\"d7b3fc9\" data-element_type=\"widget\" data-e-type=\"widget\" data-widget_type=\"aux_modern_heading.default\">\n\t\t\t\t<div class=\"elementor-widget-container\">\n\t\t\t\t\t<section class=\"aux-widget-modern-heading\">\n            <div class=\"aux-widget-inner\"><h2 class=\"aux-modern-heading-primary\">Viernes 3 de junio de 2022<\/h2><\/div>\n        <\/section>\t\t\t\t<\/div>\n\t\t\t\t<\/div>\n\t\t\t\t<div class=\"elementor-element elementor-element-a8db374 aux-appear-watch-animation aux-fade-in-right-1 elementor-widget__width-auto elementor-widget-mobile__width-inherit elementor-widget elementor-widget-aux_text\" data-id=\"a8db374\" data-element_type=\"widget\" data-e-type=\"widget\" data-widget_type=\"aux_text.default\">\n\t\t\t\t<div class=\"elementor-widget-container\">\n\t\t\t\t\t<section class=\"widget-container aux-widget-text aux-parent-aud8dcfb1e\">        <div class=\"aux-widget-advanced-text aux-wrap-style-simple aux-ico-pos- aux-text-center aux-text-resp- aux-text-color-dark aux-text-widget-bg-center aux-text-no-content \" >\n        \n            \n            <div class=\"aux-text-inner aux-text-widget-content\">\n                                <h4 class=\"col-title\">15:00<\/h4>\n                                <h5 class=\"col-subtitle\">viernes<\/h5>\n\n                            <\/div>\n        <\/div>\n                    <div class=\"aux-text-widget-footer\">\n                <div class=\"aux-border-shape-none \">\n                                <\/div>\n            <\/div>\n        \n<\/section><!-- widget-container -->\t\t\t\t<\/div>\n\t\t\t\t<\/div>\n\t\t\t\t<div class=\"elementor-element elementor-element-921c8b7 elementor-widget__width-auto aux-appear-watch-animation aux-fade-in-right-1 elementor-widget-tablet__width-auto elementor-widget elementor-widget-aux_modern_heading\" data-id=\"921c8b7\" data-element_type=\"widget\" data-e-type=\"widget\" data-widget_type=\"aux_modern_heading.default\">\n\t\t\t\t<div class=\"elementor-widget-container\">\n\t\t\t\t\t<section class=\"aux-widget-modern-heading\">\n            <div class=\"aux-widget-inner\"><p class=\"aux-modern-heading-primary\">NORTE DE C\u00c1CERES: LAS HURDES. <\/p><h3 class=\"aux-modern-heading-secondary\"><span class=\"aux-head-highlight\">La miel | <\/span><span class=\"aux-head-after\">F\u00e1tima Otero (Cocinera del Parador de C\u00e1ceres)<\/span><\/h3><div class=\"aux-modern-heading-description\">Showcooking - D.O.P.<\/div><\/div>\n        <\/section>\t\t\t\t<\/div>\n\t\t\t\t<\/div>\n\t\t\t\t<div class=\"elementor-element elementor-element-1d37d3d elementor-widget elementor-widget-spacer\" data-id=\"1d37d3d\" data-element_type=\"widget\" data-e-type=\"widget\" data-widget_type=\"spacer.default\">\n\t\t\t\t<div class=\"elementor-widget-container\">\n\t\t\t\t\t\t\t<div class=\"elementor-spacer\">\n\t\t\t<div class=\"elementor-spacer-inner\"><\/div>\n\t\t<\/div>\n\t\t\t\t\t\t<\/div>\n\t\t\t\t<\/div>\n\t\t\t\t<div class=\"elementor-element elementor-element-0d8c4d3 aux-appear-watch-animation aux-fade-in-right-1 elementor-widget__width-auto elementor-widget-mobile__width-inherit elementor-widget elementor-widget-aux_text\" data-id=\"0d8c4d3\" data-element_type=\"widget\" data-e-type=\"widget\" data-widget_type=\"aux_text.default\">\n\t\t\t\t<div class=\"elementor-widget-container\">\n\t\t\t\t\t<section class=\"widget-container aux-widget-text aux-parent-au5724900b\">        <div class=\"aux-widget-advanced-text aux-wrap-style-simple aux-ico-pos- aux-text-center aux-text-resp- aux-text-color-dark aux-text-widget-bg-center aux-text-no-content \" >\n        \n            \n            <div class=\"aux-text-inner aux-text-widget-content\">\n                                <h4 class=\"col-title\">16:00<\/h4>\n                                <h5 class=\"col-subtitle\">viernes<\/h5>\n\n                            <\/div>\n        <\/div>\n                    <div class=\"aux-text-widget-footer\">\n                <div class=\"aux-border-shape-none \">\n                                <\/div>\n            <\/div>\n        \n<\/section><!-- widget-container -->\t\t\t\t<\/div>\n\t\t\t\t<\/div>\n\t\t\t\t<div class=\"elementor-element elementor-element-ceb6b15 elementor-widget__width-auto aux-appear-watch-animation aux-fade-in-right-1 elementor-widget-tablet__width-auto elementor-widget elementor-widget-aux_modern_heading\" data-id=\"ceb6b15\" data-element_type=\"widget\" data-e-type=\"widget\" data-widget_type=\"aux_modern_heading.default\">\n\t\t\t\t<div class=\"elementor-widget-container\">\n\t\t\t\t\t<section class=\"aux-widget-modern-heading\">\n            <div class=\"aux-widget-inner\"><p class=\"aux-modern-heading-primary\">TIERRAS DE C\u00c1CERES Y TRUJILLO: TAJO-SALOR-ALMONTE.<\/p><h3 class=\"aux-modern-heading-secondary\"><span class=\"aux-head-highlight\">La Torta del Casar en la reposter\u00eda | <\/span><span class=\"aux-head-after\">\u00c1lvaro Holgado (Repostero Chefalia de C\u00e1ceres)<\/span><\/h3><div class=\"aux-modern-heading-description\">Showcooking - D.O.P.<\/div><\/div>\n        <\/section>\t\t\t\t<\/div>\n\t\t\t\t<\/div>\n\t\t\t\t<div class=\"elementor-element elementor-element-b83c2b0 elementor-widget elementor-widget-spacer\" data-id=\"b83c2b0\" data-element_type=\"widget\" data-e-type=\"widget\" data-widget_type=\"spacer.default\">\n\t\t\t\t<div class=\"elementor-widget-container\">\n\t\t\t\t\t\t\t<div class=\"elementor-spacer\">\n\t\t\t<div class=\"elementor-spacer-inner\"><\/div>\n\t\t<\/div>\n\t\t\t\t\t\t<\/div>\n\t\t\t\t<\/div>\n\t\t\t\t<div class=\"elementor-element elementor-element-71e336c aux-appear-watch-animation aux-fade-in-right-1 elementor-widget__width-auto elementor-widget-mobile__width-inherit elementor-widget elementor-widget-aux_text\" data-id=\"71e336c\" data-element_type=\"widget\" data-e-type=\"widget\" data-widget_type=\"aux_text.default\">\n\t\t\t\t<div class=\"elementor-widget-container\">\n\t\t\t\t\t<section class=\"widget-container aux-widget-text aux-parent-au5707ebe8\">        <div class=\"aux-widget-advanced-text aux-wrap-style-simple aux-ico-pos- aux-text-center aux-text-resp- aux-text-color-dark aux-text-widget-bg-center aux-text-no-content \" >\n        \n            \n            <div class=\"aux-text-inner aux-text-widget-content\">\n                                <h4 class=\"col-title\">17:00<\/h4>\n                                <h5 class=\"col-subtitle\">viernes<\/h5>\n\n                            <\/div>\n        <\/div>\n                    <div class=\"aux-text-widget-footer\">\n                <div class=\"aux-border-shape-none \">\n                                <\/div>\n            <\/div>\n        \n<\/section><!-- widget-container -->\t\t\t\t<\/div>\n\t\t\t\t<\/div>\n\t\t\t\t<div class=\"elementor-element elementor-element-5fab64c elementor-widget__width-auto aux-appear-watch-animation aux-fade-in-right-1 elementor-widget-tablet__width-auto elementor-widget elementor-widget-aux_modern_heading\" data-id=\"5fab64c\" data-element_type=\"widget\" data-e-type=\"widget\" data-widget_type=\"aux_modern_heading.default\">\n\t\t\t\t<div class=\"elementor-widget-container\">\n\t\t\t\t\t<section class=\"aux-widget-modern-heading\">\n            <div class=\"aux-widget-inner\"><p class=\"aux-modern-heading-primary\">NORTE DE C\u00c1CERES: LA VERA. <\/p><h3 class=\"aux-modern-heading-secondary\"><span class=\"aux-head-highlight\">El Piment\u00f3n de La Vera en la reposter\u00eda | <\/span><span class=\"aux-head-after\">Valent\u00edn Mu\u00f1oz (Repostero Valent\u00edn Mu\u00f1oz de Jara\u00edz De la Vera)<\/span><\/h3><div class=\"aux-modern-heading-description\"><p>Taller - D.O.P.<\/p><\/div><\/div>\n        <\/section>\t\t\t\t<\/div>\n\t\t\t\t<\/div>\n\t\t\t\t<div class=\"elementor-element elementor-element-26e3ec5 elementor-widget elementor-widget-spacer\" data-id=\"26e3ec5\" data-element_type=\"widget\" data-e-type=\"widget\" data-widget_type=\"spacer.default\">\n\t\t\t\t<div class=\"elementor-widget-container\">\n\t\t\t\t\t\t\t<div class=\"elementor-spacer\">\n\t\t\t<div class=\"elementor-spacer-inner\"><\/div>\n\t\t<\/div>\n\t\t\t\t\t\t<\/div>\n\t\t\t\t<\/div>\n\t\t\t\t<div class=\"elementor-element elementor-element-56693a7 aux-appear-watch-animation aux-fade-in-right-1 elementor-widget__width-auto elementor-widget-mobile__width-inherit elementor-widget elementor-widget-aux_text\" data-id=\"56693a7\" data-element_type=\"widget\" data-e-type=\"widget\" data-widget_type=\"aux_text.default\">\n\t\t\t\t<div class=\"elementor-widget-container\">\n\t\t\t\t\t<section class=\"widget-container aux-widget-text aux-parent-auc4fd9d83\">        <div class=\"aux-widget-advanced-text aux-wrap-style-simple aux-ico-pos- aux-text-center aux-text-resp- aux-text-color-dark aux-text-widget-bg-center aux-text-no-content \" >\n        \n            \n            <div class=\"aux-text-inner aux-text-widget-content\">\n                                <h4 class=\"col-title\">18:00<\/h4>\n                                <h5 class=\"col-subtitle\">viernes<\/h5>\n\n                            <\/div>\n        <\/div>\n                    <div class=\"aux-text-widget-footer\">\n                <div class=\"aux-border-shape-none \">\n                                <\/div>\n            <\/div>\n        \n<\/section><!-- widget-container -->\t\t\t\t<\/div>\n\t\t\t\t<\/div>\n\t\t\t\t<div class=\"elementor-element elementor-element-91e052d elementor-widget__width-auto aux-appear-watch-animation aux-fade-in-right-1 elementor-widget-tablet__width-auto elementor-widget elementor-widget-aux_modern_heading\" data-id=\"91e052d\" data-element_type=\"widget\" data-e-type=\"widget\" data-widget_type=\"aux_modern_heading.default\">\n\t\t\t\t<div class=\"elementor-widget-container\">\n\t\t\t\t\t<section class=\"aux-widget-modern-heading\">\n            <div class=\"aux-widget-inner\"><p class=\"aux-modern-heading-primary\">TERRITORIOS UNESCO: GEOPARQUE VILLUERCAS - IBORES - JARA. <\/p><h3 class=\"aux-modern-heading-secondary\"><span class=\"aux-head-highlight\">La Morcilla de Guadalupe | <\/span><span class=\"aux-head-after\">Pedro Gal\u00e1n (Jefe de Cocina del Restaurante El Cerezo de Guadalupe)<\/span><\/h3><div class=\"aux-modern-heading-description\"><p>Showcooking<\/p><\/div><\/div>\n        <\/section>\t\t\t\t<\/div>\n\t\t\t\t<\/div>\n\t\t\t\t<div class=\"elementor-element elementor-element-5befaec elementor-widget elementor-widget-spacer\" data-id=\"5befaec\" data-element_type=\"widget\" data-e-type=\"widget\" data-widget_type=\"spacer.default\">\n\t\t\t\t<div class=\"elementor-widget-container\">\n\t\t\t\t\t\t\t<div class=\"elementor-spacer\">\n\t\t\t<div class=\"elementor-spacer-inner\"><\/div>\n\t\t<\/div>\n\t\t\t\t\t\t<\/div>\n\t\t\t\t<\/div>\n\t\t\t\t<div class=\"elementor-element elementor-element-b5bbce9 aux-appear-watch-animation aux-fade-in-right-1 elementor-widget__width-auto elementor-widget-mobile__width-inherit elementor-widget elementor-widget-aux_text\" data-id=\"b5bbce9\" data-element_type=\"widget\" data-e-type=\"widget\" data-widget_type=\"aux_text.default\">\n\t\t\t\t<div class=\"elementor-widget-container\">\n\t\t\t\t\t<section class=\"widget-container aux-widget-text aux-parent-au205b153f\">        <div class=\"aux-widget-advanced-text aux-wrap-style-simple aux-ico-pos- aux-text-center aux-text-resp- aux-text-color-dark aux-text-widget-bg-center aux-text-no-content \" >\n        \n            \n            <div class=\"aux-text-inner aux-text-widget-content\">\n                                <h4 class=\"col-title\">19:00<\/h4>\n                                <h5 class=\"col-subtitle\">viernes<\/h5>\n\n                            <\/div>\n        <\/div>\n                    <div class=\"aux-text-widget-footer\">\n                <div class=\"aux-border-shape-none \">\n                                <\/div>\n            <\/div>\n        \n<\/section><!-- widget-container -->\t\t\t\t<\/div>\n\t\t\t\t<\/div>\n\t\t\t\t<div class=\"elementor-element elementor-element-dc2520f elementor-widget__width-auto aux-appear-watch-animation aux-fade-in-right-1 elementor-widget-tablet__width-auto elementor-widget elementor-widget-aux_modern_heading\" data-id=\"dc2520f\" data-element_type=\"widget\" data-e-type=\"widget\" data-widget_type=\"aux_modern_heading.default\">\n\t\t\t\t<div class=\"elementor-widget-container\">\n\t\t\t\t\t<section class=\"aux-widget-modern-heading\">\n            <div class=\"aux-widget-inner\"><p class=\"aux-modern-heading-primary\">TIERRAS DE C\u00c1CERES Y TRUJILLO: SIERRA DE MONT\u00c1NCHEZ Y TAMUJA. <\/p><h3 class=\"aux-modern-heading-secondary\"><span class=\"aux-head-highlight\">El Higo | <\/span><span class=\"aux-head-after\">Miguel \u00c1ngel S\u00e1nchez (Jefe de Cocina del Restaurante Eustaquio Blanco de C\u00e1ceres)<\/span><\/h3><div class=\"aux-modern-heading-description\"><p>Showcooking<\/p><\/div><\/div>\n        <\/section>\t\t\t\t<\/div>\n\t\t\t\t<\/div>\n\t\t\t\t<div class=\"elementor-element elementor-element-45fcb55 elementor-widget elementor-widget-spacer\" data-id=\"45fcb55\" data-element_type=\"widget\" data-e-type=\"widget\" data-widget_type=\"spacer.default\">\n\t\t\t\t<div class=\"elementor-widget-container\">\n\t\t\t\t\t\t\t<div class=\"elementor-spacer\">\n\t\t\t<div class=\"elementor-spacer-inner\"><\/div>\n\t\t<\/div>\n\t\t\t\t\t\t<\/div>\n\t\t\t\t<\/div>\n\t\t\t\t<div class=\"elementor-element elementor-element-63fc91b aux-appear-watch-animation aux-fade-in-right-1 elementor-widget__width-auto elementor-widget-mobile__width-inherit elementor-widget elementor-widget-aux_text\" data-id=\"63fc91b\" data-element_type=\"widget\" data-e-type=\"widget\" data-widget_type=\"aux_text.default\">\n\t\t\t\t<div class=\"elementor-widget-container\">\n\t\t\t\t\t<section class=\"widget-container aux-widget-text aux-parent-au3a11f7b1\">        <div class=\"aux-widget-advanced-text aux-wrap-style-simple aux-ico-pos- aux-text-center aux-text-resp- aux-text-color-dark aux-text-widget-bg-center aux-text-no-content \" >\n        \n            \n            <div class=\"aux-text-inner aux-text-widget-content\">\n                                <h4 class=\"col-title\">20:00<\/h4>\n                                <h5 class=\"col-subtitle\">viernes<\/h5>\n\n                            <\/div>\n        <\/div>\n                    <div class=\"aux-text-widget-footer\">\n                <div class=\"aux-border-shape-none \">\n                                <\/div>\n            <\/div>\n        \n<\/section><!-- widget-container -->\t\t\t\t<\/div>\n\t\t\t\t<\/div>\n\t\t\t\t<div class=\"elementor-element elementor-element-72dce42 elementor-widget__width-auto aux-appear-watch-animation aux-fade-in-right-1 elementor-widget-tablet__width-auto elementor-widget elementor-widget-aux_modern_heading\" data-id=\"72dce42\" data-element_type=\"widget\" data-e-type=\"widget\" data-widget_type=\"aux_modern_heading.default\">\n\t\t\t\t<div class=\"elementor-widget-container\">\n\t\t\t\t\t<section class=\"aux-widget-modern-heading\">\n            <div class=\"aux-widget-inner\"><p class=\"aux-modern-heading-primary\">TERRITORIOS UNESCO: RESERVA DE LA BIOSFERA DE MONFRAG\u00dcE.<\/p><h3 class=\"aux-modern-heading-secondary\"><span class=\"aux-head-highlight\">Cocina de Caza | <\/span><span class=\"aux-head-after\">Juan Burgos (Jefe de Cocina Bravo Catering de C\u00e1ceres)<\/span><\/h3><div class=\"aux-modern-heading-description\"><p>Showcooking + Maridaje Vinos Ribera del Guadiana D.O.P.<\/p><\/div><\/div>\n        <\/section>\t\t\t\t<\/div>\n\t\t\t\t<\/div>\n\t\t\t\t\t<\/div>\n\t\t<\/div>\n\t\t\t\t\t<\/div>\n\t\t<\/section>\n\t\t\t\t<section class=\"elementor-section elementor-top-section elementor-element elementor-element-ea50888 elementor-section-full_width elementor-section-stretched elementor-section-height-default elementor-section-height-default\" data-id=\"ea50888\" data-element_type=\"section\" data-e-type=\"section\" data-settings=\"{&quot;stretch_section&quot;:&quot;section-stretched&quot;,&quot;background_background&quot;:&quot;classic&quot;}\">\n\t\t\t\t\t\t<div class=\"elementor-container elementor-column-gap-default\">\n\t\t\t\t\t<div class=\"aux-parallax-section elementor-column elementor-col-100 elementor-top-column elementor-element elementor-element-770f988\" data-id=\"770f988\" data-element_type=\"column\" data-e-type=\"column\" data-settings=\"{&quot;background_background&quot;:&quot;classic&quot;}\">\n\t\t\t<div class=\"elementor-widget-wrap elementor-element-populated\">\n\t\t\t\t\t\t<div class=\"elementor-element elementor-element-157e911 aux-appear-watch-animation aux-slide-from-right elementor-widget elementor-widget-image\" data-id=\"157e911\" data-element_type=\"widget\" data-e-type=\"widget\" data-widget_type=\"image.default\">\n\t\t\t\t<div class=\"elementor-widget-container\">\n\t\t\t\t\t\t\t\t\t\t\t\t\t\t\t<img loading=\"lazy\" decoding=\"async\" width=\"3078\" height=\"927\" src=\"https:\/\/2022.jatoprovinciadecaceres.es\/gastrocaceres\/wp-content\/uploads\/sites\/6\/2022\/05\/jota-derecha-w.png\" class=\"attachment-full size-full wp-image-536\" alt=\"jota derecha\" srcset=\"https:\/\/2022.jatoprovinciadecaceres.es\/gastrocaceres\/wp-content\/uploads\/sites\/6\/2022\/05\/jota-derecha-w.png 3078w, https:\/\/2022.jatoprovinciadecaceres.es\/gastrocaceres\/wp-content\/uploads\/sites\/6\/2022\/05\/jota-derecha-w-1536x463.png 1536w, https:\/\/2022.jatoprovinciadecaceres.es\/gastrocaceres\/wp-content\/uploads\/sites\/6\/2022\/05\/jota-derecha-w-2048x617.png 2048w\" sizes=\"(max-width: 3078px) 100vw, 3078px\" \/>\t\t\t\t\t\t\t\t\t\t\t\t\t\t\t<\/div>\n\t\t\t\t<\/div>\n\t\t\t\t\t<\/div>\n\t\t<\/div>\n\t\t\t\t\t<\/div>\n\t\t<\/section>\n\t\t\t\t<section class=\"elementor-section elementor-top-section elementor-element elementor-element-ea7ef07 elementor-section-boxed elementor-section-height-default elementor-section-height-default\" data-id=\"ea7ef07\" data-element_type=\"section\" data-e-type=\"section\" data-settings=\"{&quot;background_background&quot;:&quot;classic&quot;}\">\n\t\t\t\t\t\t<div class=\"elementor-container elementor-column-gap-default\">\n\t\t\t\t\t<div class=\"aux-parallax-section elementor-column elementor-col-100 elementor-top-column elementor-element elementor-element-060f951\" data-id=\"060f951\" data-element_type=\"column\" data-e-type=\"column\">\n\t\t\t<div class=\"elementor-widget-wrap elementor-element-populated\">\n\t\t\t\t\t\t<div class=\"elementor-element elementor-element-5522797 aux-appear-watch-animation aux-fade-in-up elementor-widget elementor-widget-aux_modern_heading\" data-id=\"5522797\" data-element_type=\"widget\" data-e-type=\"widget\" data-widget_type=\"aux_modern_heading.default\">\n\t\t\t\t<div class=\"elementor-widget-container\">\n\t\t\t\t\t<section class=\"aux-widget-modern-heading\">\n            <div class=\"aux-widget-inner\"><h2 class=\"aux-modern-heading-primary\">S\u00e1bado 4 de junio de 2022 (MA\u00d1ANA)<\/h2><\/div>\n        <\/section>\t\t\t\t<\/div>\n\t\t\t\t<\/div>\n\t\t\t\t<div class=\"elementor-element elementor-element-95678f1 aux-appear-watch-animation aux-fade-in-right-1 elementor-widget__width-auto elementor-widget-mobile__width-inherit elementor-widget elementor-widget-aux_text\" data-id=\"95678f1\" data-element_type=\"widget\" data-e-type=\"widget\" data-widget_type=\"aux_text.default\">\n\t\t\t\t<div class=\"elementor-widget-container\">\n\t\t\t\t\t<section class=\"widget-container aux-widget-text aux-parent-au970caf96\">        <div class=\"aux-widget-advanced-text aux-wrap-style-simple aux-ico-pos- aux-text-center aux-text-resp- aux-text-color-dark aux-text-widget-bg-center aux-text-no-content \" >\n        \n            \n            <div class=\"aux-text-inner aux-text-widget-content\">\n                                <h4 class=\"col-title\">11:00<\/h4>\n                                <h5 class=\"col-subtitle\">s\u00e1bado<\/h5>\n\n                            <\/div>\n        <\/div>\n                    <div class=\"aux-text-widget-footer\">\n                <div class=\"aux-border-shape-none \">\n                                <\/div>\n            <\/div>\n        \n<\/section><!-- widget-container -->\t\t\t\t<\/div>\n\t\t\t\t<\/div>\n\t\t\t\t<div class=\"elementor-element elementor-element-8340c29 elementor-widget__width-auto aux-appear-watch-animation aux-fade-in-right-1 elementor-widget-tablet__width-auto elementor-widget elementor-widget-aux_modern_heading\" data-id=\"8340c29\" data-element_type=\"widget\" data-e-type=\"widget\" data-widget_type=\"aux_modern_heading.default\">\n\t\t\t\t<div class=\"elementor-widget-container\">\n\t\t\t\t\t<section class=\"aux-widget-modern-heading\">\n            <div class=\"aux-widget-inner\"><p class=\"aux-modern-heading-primary\">NORTE DE C\u00c1CERES: CAMPO ARA\u00d1UELO<\/p><h3 class=\"aux-modern-heading-secondary\"><span class=\"aux-head-highlight\">Productos de la huerta |<\/span><span class=\"aux-head-after\">Javier Mart\u00edn (Jefe de Cocina del Restaurante Javier Mart\u00edn) <\/span><\/h3><div class=\"aux-modern-heading-description\"><p>Taller\u00a0<\/p><\/div><\/div>\n        <\/section>\t\t\t\t<\/div>\n\t\t\t\t<\/div>\n\t\t\t\t<div class=\"elementor-element elementor-element-d84e639 elementor-widget elementor-widget-spacer\" data-id=\"d84e639\" data-element_type=\"widget\" data-e-type=\"widget\" data-widget_type=\"spacer.default\">\n\t\t\t\t<div class=\"elementor-widget-container\">\n\t\t\t\t\t\t\t<div class=\"elementor-spacer\">\n\t\t\t<div class=\"elementor-spacer-inner\"><\/div>\n\t\t<\/div>\n\t\t\t\t\t\t<\/div>\n\t\t\t\t<\/div>\n\t\t\t\t<div class=\"elementor-element elementor-element-ce368d2 aux-appear-watch-animation aux-fade-in-right-1 elementor-widget__width-auto elementor-widget-mobile__width-inherit elementor-widget elementor-widget-aux_text\" data-id=\"ce368d2\" data-element_type=\"widget\" data-e-type=\"widget\" data-widget_type=\"aux_text.default\">\n\t\t\t\t<div class=\"elementor-widget-container\">\n\t\t\t\t\t<section class=\"widget-container aux-widget-text aux-parent-aua1794bb9\">        <div class=\"aux-widget-advanced-text aux-wrap-style-simple aux-ico-pos- aux-text-center aux-text-resp- aux-text-color-dark aux-text-widget-bg-center aux-text-no-content \" >\n        \n            \n            <div class=\"aux-text-inner aux-text-widget-content\">\n                                <h4 class=\"col-title\">12:00<\/h4>\n                                <h5 class=\"col-subtitle\">s\u00e1bado<\/h5>\n\n                            <\/div>\n        <\/div>\n                    <div class=\"aux-text-widget-footer\">\n                <div class=\"aux-border-shape-none \">\n                                <\/div>\n            <\/div>\n        \n<\/section><!-- widget-container -->\t\t\t\t<\/div>\n\t\t\t\t<\/div>\n\t\t\t\t<div class=\"elementor-element elementor-element-6cac3ef elementor-widget__width-auto aux-appear-watch-animation aux-fade-in-right-1 elementor-widget-tablet__width-auto elementor-widget elementor-widget-aux_modern_heading\" data-id=\"6cac3ef\" data-element_type=\"widget\" data-e-type=\"widget\" data-widget_type=\"aux_modern_heading.default\">\n\t\t\t\t<div class=\"elementor-widget-container\">\n\t\t\t\t\t<section class=\"aux-widget-modern-heading\">\n            <div class=\"aux-widget-inner\"><p class=\"aux-modern-heading-primary\">TIERRAS DE C\u00c1CERES Y TRUJILLO: MIAJADAS-TRUJILLO. <\/p><h3 class=\"aux-modern-heading-secondary\"><span class=\"aux-head-highlight\">Queso Ibores | <\/span><span class=\"aux-head-after\">July Gonz\u00e1lez (Jefe de Cocina del Parador de Trujillo)<\/span><\/h3><div class=\"aux-modern-heading-description\"><p>Showcooking - D.O.P.<\/p><\/div><\/div>\n        <\/section>\t\t\t\t<\/div>\n\t\t\t\t<\/div>\n\t\t\t\t<div class=\"elementor-element elementor-element-5253dde elementor-widget elementor-widget-spacer\" data-id=\"5253dde\" data-element_type=\"widget\" data-e-type=\"widget\" data-widget_type=\"spacer.default\">\n\t\t\t\t<div class=\"elementor-widget-container\">\n\t\t\t\t\t\t\t<div class=\"elementor-spacer\">\n\t\t\t<div class=\"elementor-spacer-inner\"><\/div>\n\t\t<\/div>\n\t\t\t\t\t\t<\/div>\n\t\t\t\t<\/div>\n\t\t\t\t<div class=\"elementor-element elementor-element-271cfc3 aux-appear-watch-animation aux-fade-in-right-1 elementor-widget__width-auto elementor-widget-mobile__width-inherit elementor-widget elementor-widget-aux_text\" data-id=\"271cfc3\" data-element_type=\"widget\" data-e-type=\"widget\" data-widget_type=\"aux_text.default\">\n\t\t\t\t<div class=\"elementor-widget-container\">\n\t\t\t\t\t<section class=\"widget-container aux-widget-text aux-parent-au2f00d740\">        <div class=\"aux-widget-advanced-text aux-wrap-style-simple aux-ico-pos- aux-text-center aux-text-resp- aux-text-color-dark aux-text-widget-bg-center aux-text-no-content \" >\n        \n            \n            <div class=\"aux-text-inner aux-text-widget-content\">\n                                <h4 class=\"col-title\">13:00<\/h4>\n                                <h5 class=\"col-subtitle\">s\u00e1bado<\/h5>\n\n                            <\/div>\n        <\/div>\n                    <div class=\"aux-text-widget-footer\">\n                <div class=\"aux-border-shape-none \">\n                                <\/div>\n            <\/div>\n        \n<\/section><!-- widget-container -->\t\t\t\t<\/div>\n\t\t\t\t<\/div>\n\t\t\t\t<div class=\"elementor-element elementor-element-19e0a4d elementor-widget__width-auto aux-appear-watch-animation aux-fade-in-right-1 elementor-widget-tablet__width-auto elementor-widget elementor-widget-aux_modern_heading\" data-id=\"19e0a4d\" data-element_type=\"widget\" data-e-type=\"widget\" data-widget_type=\"aux_modern_heading.default\">\n\t\t\t\t<div class=\"elementor-widget-container\">\n\t\t\t\t\t<section class=\"aux-widget-modern-heading\">\n            <div class=\"aux-widget-inner\"><p class=\"aux-modern-heading-primary\">TIERRAS DE C\u00c1CERES Y TRUJILLO: VALLE DEL ALAG\u00d3N.<\/p><h3 class=\"aux-modern-heading-secondary\"><span class=\"aux-head-highlight\">Quesos de Aceh\u00fache | <\/span><span class=\"aux-head-after\">Cata comentada <\/span><\/h3><div class=\"aux-modern-heading-description\"><p>Taller - D.O.P.<\/p><\/div><\/div>\n        <\/section>\t\t\t\t<\/div>\n\t\t\t\t<\/div>\n\t\t\t\t<div class=\"elementor-element elementor-element-16b0485 elementor-widget elementor-widget-spacer\" data-id=\"16b0485\" data-element_type=\"widget\" data-e-type=\"widget\" data-widget_type=\"spacer.default\">\n\t\t\t\t<div class=\"elementor-widget-container\">\n\t\t\t\t\t\t\t<div class=\"elementor-spacer\">\n\t\t\t<div class=\"elementor-spacer-inner\"><\/div>\n\t\t<\/div>\n\t\t\t\t\t\t<\/div>\n\t\t\t\t<\/div>\n\t\t\t\t<div class=\"elementor-element elementor-element-a8079b4 aux-appear-watch-animation aux-fade-in-right-1 elementor-widget__width-auto elementor-widget-mobile__width-inherit elementor-widget elementor-widget-aux_text\" data-id=\"a8079b4\" data-element_type=\"widget\" data-e-type=\"widget\" data-widget_type=\"aux_text.default\">\n\t\t\t\t<div class=\"elementor-widget-container\">\n\t\t\t\t\t<section class=\"widget-container aux-widget-text aux-parent-au7a975177\">        <div class=\"aux-widget-advanced-text aux-wrap-style-simple aux-ico-pos- aux-text-center aux-text-resp- aux-text-color-dark aux-text-widget-bg-center aux-text-no-content \" >\n        \n            \n            <div class=\"aux-text-inner aux-text-widget-content\">\n                                <h4 class=\"col-title\">14:00<\/h4>\n                                <h5 class=\"col-subtitle\">s\u00e1bado<\/h5>\n\n                            <\/div>\n        <\/div>\n                    <div class=\"aux-text-widget-footer\">\n                <div class=\"aux-border-shape-none \">\n                                <\/div>\n            <\/div>\n        \n<\/section><!-- widget-container -->\t\t\t\t<\/div>\n\t\t\t\t<\/div>\n\t\t\t\t<div class=\"elementor-element elementor-element-17f55b5 elementor-widget__width-auto aux-appear-watch-animation aux-fade-in-right-1 elementor-widget-tablet__width-auto elementor-widget elementor-widget-aux_modern_heading\" data-id=\"17f55b5\" data-element_type=\"widget\" data-e-type=\"widget\" data-widget_type=\"aux_modern_heading.default\">\n\t\t\t\t<div class=\"elementor-widget-container\">\n\t\t\t\t\t<section class=\"aux-widget-modern-heading\">\n            <div class=\"aux-widget-inner\"><p class=\"aux-modern-heading-primary\">TERRITORIOS UNESCO: RESERVA DE LA BIOSFERA DEL TAJO INTERNACIONAL.<\/p><h3 class=\"aux-modern-heading-secondary\"><span class=\"aux-head-highlight\">Reposter\u00eda monacal | <\/span><span class=\"aux-head-after\">Eva Lozano Vecino (Dulcer\u00eda artesanal Las Yayas)<\/span><\/h3><div class=\"aux-modern-heading-description\"><p>Taller<\/p><\/div><\/div>\n        <\/section>\t\t\t\t<\/div>\n\t\t\t\t<\/div>\n\t\t\t\t\t<\/div>\n\t\t<\/div>\n\t\t\t\t\t<\/div>\n\t\t<\/section>\n\t\t\t\t<section class=\"elementor-section elementor-top-section elementor-element elementor-element-b225ad5 elementor-section-full_width elementor-section-stretched elementor-section-height-default elementor-section-height-default\" data-id=\"b225ad5\" data-element_type=\"section\" data-e-type=\"section\" data-settings=\"{&quot;stretch_section&quot;:&quot;section-stretched&quot;}\">\n\t\t\t\t\t\t<div class=\"elementor-container elementor-column-gap-default\">\n\t\t\t\t\t<div class=\"aux-parallax-section elementor-column elementor-col-100 elementor-top-column elementor-element elementor-element-51e374d\" data-id=\"51e374d\" data-element_type=\"column\" data-e-type=\"column\" data-settings=\"{&quot;background_background&quot;:&quot;classic&quot;}\">\n\t\t\t<div class=\"elementor-widget-wrap elementor-element-populated\">\n\t\t\t\t\t\t<div class=\"elementor-element elementor-element-a1836a8 aux-appear-watch-animation aux-slide-from-left elementor-widget elementor-widget-image\" data-id=\"a1836a8\" data-element_type=\"widget\" data-e-type=\"widget\" data-widget_type=\"image.default\">\n\t\t\t\t<div class=\"elementor-widget-container\">\n\t\t\t\t\t\t\t\t\t\t\t\t\t\t\t<img loading=\"lazy\" decoding=\"async\" width=\"3078\" height=\"927\" src=\"https:\/\/2022.jatoprovinciadecaceres.es\/gastrocaceres\/wp-content\/uploads\/sites\/6\/2022\/05\/jota-izquierda.png\" class=\"attachment-full size-full wp-image-525\" alt=\"jota izquierda\" srcset=\"https:\/\/2022.jatoprovinciadecaceres.es\/gastrocaceres\/wp-content\/uploads\/sites\/6\/2022\/05\/jota-izquierda.png 3078w, https:\/\/2022.jatoprovinciadecaceres.es\/gastrocaceres\/wp-content\/uploads\/sites\/6\/2022\/05\/jota-izquierda-1536x463.png 1536w, https:\/\/2022.jatoprovinciadecaceres.es\/gastrocaceres\/wp-content\/uploads\/sites\/6\/2022\/05\/jota-izquierda-2048x617.png 2048w\" sizes=\"(max-width: 3078px) 100vw, 3078px\" \/>\t\t\t\t\t\t\t\t\t\t\t\t\t\t\t<\/div>\n\t\t\t\t<\/div>\n\t\t\t\t\t<\/div>\n\t\t<\/div>\n\t\t\t\t\t<\/div>\n\t\t<\/section>\n\t\t\t\t<section class=\"elementor-section elementor-top-section elementor-element elementor-element-2dc7963 elementor-section-boxed elementor-section-height-default elementor-section-height-default\" data-id=\"2dc7963\" data-element_type=\"section\" data-e-type=\"section\" data-settings=\"{&quot;background_background&quot;:&quot;classic&quot;}\">\n\t\t\t\t\t\t<div class=\"elementor-container elementor-column-gap-default\">\n\t\t\t\t\t<div class=\"aux-parallax-section elementor-column elementor-col-100 elementor-top-column elementor-element elementor-element-f5a73ef\" data-id=\"f5a73ef\" data-element_type=\"column\" data-e-type=\"column\">\n\t\t\t<div class=\"elementor-widget-wrap elementor-element-populated\">\n\t\t\t\t\t\t<div class=\"elementor-element elementor-element-a125f6f aux-appear-watch-animation aux-fade-in-up elementor-widget elementor-widget-aux_modern_heading\" data-id=\"a125f6f\" data-element_type=\"widget\" data-e-type=\"widget\" data-widget_type=\"aux_modern_heading.default\">\n\t\t\t\t<div class=\"elementor-widget-container\">\n\t\t\t\t\t<section class=\"aux-widget-modern-heading\">\n            <div class=\"aux-widget-inner\"><h2 class=\"aux-modern-heading-primary\">S\u00e1bado 4 de junio de 2022 (TARDE)<\/h2><\/div>\n        <\/section>\t\t\t\t<\/div>\n\t\t\t\t<\/div>\n\t\t\t\t<div class=\"elementor-element elementor-element-7d4bbc8 aux-appear-watch-animation aux-fade-in-right-1 elementor-widget__width-auto elementor-widget-mobile__width-inherit elementor-widget elementor-widget-aux_text\" data-id=\"7d4bbc8\" data-element_type=\"widget\" data-e-type=\"widget\" data-widget_type=\"aux_text.default\">\n\t\t\t\t<div class=\"elementor-widget-container\">\n\t\t\t\t\t<section class=\"widget-container aux-widget-text aux-parent-aud49fcaea\">        <div class=\"aux-widget-advanced-text aux-wrap-style-simple aux-ico-pos- aux-text-center aux-text-resp- aux-text-color-dark aux-text-widget-bg-center aux-text-no-content \" >\n        \n            \n            <div class=\"aux-text-inner aux-text-widget-content\">\n                                <h4 class=\"col-title\">17:00<\/h4>\n                                <h5 class=\"col-subtitle\">s\u00e1bado<\/h5>\n\n                            <\/div>\n        <\/div>\n                    <div class=\"aux-text-widget-footer\">\n                <div class=\"aux-border-shape-none \">\n                                <\/div>\n            <\/div>\n        \n<\/section><!-- widget-container -->\t\t\t\t<\/div>\n\t\t\t\t<\/div>\n\t\t\t\t<div class=\"elementor-element elementor-element-18a4219 elementor-widget__width-auto aux-appear-watch-animation aux-fade-in-right-1 elementor-widget-tablet__width-auto elementor-widget elementor-widget-aux_modern_heading\" data-id=\"18a4219\" data-element_type=\"widget\" data-e-type=\"widget\" data-widget_type=\"aux_modern_heading.default\">\n\t\t\t\t<div class=\"elementor-widget-container\">\n\t\t\t\t\t<section class=\"aux-widget-modern-heading\">\n            <div class=\"aux-widget-inner\"><p class=\"aux-modern-heading-primary\">NORTE DE C\u00c1CERES: VALLE DEL JERTE.<\/p><h3 class=\"aux-modern-heading-secondary\"><span class=\"aux-head-highlight\">Cereza del Jerte | <\/span><span class=\"aux-head-after\">Cristian Bernal (Jefe de Cocina de La Fabiola de C\u00e1ceres)<\/span><\/h3><div class=\"aux-modern-heading-description\"><p>Showcooking - D.O.P.<\/p><\/div><\/div>\n        <\/section>\t\t\t\t<\/div>\n\t\t\t\t<\/div>\n\t\t\t\t<div class=\"elementor-element elementor-element-f23ce52 elementor-widget elementor-widget-spacer\" data-id=\"f23ce52\" data-element_type=\"widget\" data-e-type=\"widget\" data-widget_type=\"spacer.default\">\n\t\t\t\t<div class=\"elementor-widget-container\">\n\t\t\t\t\t\t\t<div class=\"elementor-spacer\">\n\t\t\t<div class=\"elementor-spacer-inner\"><\/div>\n\t\t<\/div>\n\t\t\t\t\t\t<\/div>\n\t\t\t\t<\/div>\n\t\t\t\t<div class=\"elementor-element elementor-element-1d0427e aux-appear-watch-animation aux-fade-in-right-1 elementor-widget__width-auto elementor-widget-mobile__width-inherit elementor-widget elementor-widget-aux_text\" data-id=\"1d0427e\" data-element_type=\"widget\" data-e-type=\"widget\" data-widget_type=\"aux_text.default\">\n\t\t\t\t<div class=\"elementor-widget-container\">\n\t\t\t\t\t<section class=\"widget-container aux-widget-text aux-parent-auca598b55\">        <div class=\"aux-widget-advanced-text aux-wrap-style-simple aux-ico-pos- aux-text-center aux-text-resp- aux-text-color-dark aux-text-widget-bg-center aux-text-no-content \" >\n        \n            \n            <div class=\"aux-text-inner aux-text-widget-content\">\n                                <h4 class=\"col-title\">18:00<\/h4>\n                                <h5 class=\"col-subtitle\">s\u00e1bado<\/h5>\n\n                            <\/div>\n        <\/div>\n                    <div class=\"aux-text-widget-footer\">\n                <div class=\"aux-border-shape-none \">\n                                <\/div>\n            <\/div>\n        \n<\/section><!-- widget-container -->\t\t\t\t<\/div>\n\t\t\t\t<\/div>\n\t\t\t\t<div class=\"elementor-element elementor-element-3e57bba elementor-widget__width-auto aux-appear-watch-animation aux-fade-in-right-1 elementor-widget-tablet__width-auto elementor-widget elementor-widget-aux_modern_heading\" data-id=\"3e57bba\" data-element_type=\"widget\" data-e-type=\"widget\" data-widget_type=\"aux_modern_heading.default\">\n\t\t\t\t<div class=\"elementor-widget-container\">\n\t\t\t\t\t<section class=\"aux-widget-modern-heading\">\n            <div class=\"aux-widget-inner\"><p class=\"aux-modern-heading-primary\">NORTE DE C\u00c1CERES: TRASIERRA - TIERRAS DE GRANADILLA. <\/p><h3 class=\"aux-modern-heading-secondary\"><span class=\"aux-head-highlight\">Productos locales | <\/span><span class=\"aux-head-after\">Alex Hern\u00e1ndez (Jefe de Cocina Restaurante Vers\u00e1til de Zarza de Granadilla) <\/span><\/h3><div class=\"aux-modern-heading-description\"><p>Showcooking<\/p><\/div><\/div>\n        <\/section>\t\t\t\t<\/div>\n\t\t\t\t<\/div>\n\t\t\t\t<div class=\"elementor-element elementor-element-710998a elementor-widget elementor-widget-spacer\" data-id=\"710998a\" data-element_type=\"widget\" data-e-type=\"widget\" data-widget_type=\"spacer.default\">\n\t\t\t\t<div class=\"elementor-widget-container\">\n\t\t\t\t\t\t\t<div class=\"elementor-spacer\">\n\t\t\t<div class=\"elementor-spacer-inner\"><\/div>\n\t\t<\/div>\n\t\t\t\t\t\t<\/div>\n\t\t\t\t<\/div>\n\t\t\t\t<div class=\"elementor-element elementor-element-e1ec015 aux-appear-watch-animation aux-fade-in-right-1 elementor-widget__width-auto elementor-widget-mobile__width-inherit elementor-widget elementor-widget-aux_text\" data-id=\"e1ec015\" data-element_type=\"widget\" data-e-type=\"widget\" data-widget_type=\"aux_text.default\">\n\t\t\t\t<div class=\"elementor-widget-container\">\n\t\t\t\t\t<section class=\"widget-container aux-widget-text aux-parent-aufec1ff4a\">        <div class=\"aux-widget-advanced-text aux-wrap-style-simple aux-ico-pos- aux-text-center aux-text-resp- aux-text-color-dark aux-text-widget-bg-center aux-text-no-content \" >\n        \n            \n            <div class=\"aux-text-inner aux-text-widget-content\">\n                                <h4 class=\"col-title\">19:00<\/h4>\n                                <h5 class=\"col-subtitle\">s\u00e1bado<\/h5>\n\n                            <\/div>\n        <\/div>\n                    <div class=\"aux-text-widget-footer\">\n                <div class=\"aux-border-shape-none \">\n                                <\/div>\n            <\/div>\n        \n<\/section><!-- widget-container -->\t\t\t\t<\/div>\n\t\t\t\t<\/div>\n\t\t\t\t<div class=\"elementor-element elementor-element-674a6de elementor-widget__width-auto aux-appear-watch-animation aux-fade-in-right-1 elementor-widget-tablet__width-auto elementor-widget elementor-widget-aux_modern_heading\" data-id=\"674a6de\" data-element_type=\"widget\" data-e-type=\"widget\" data-widget_type=\"aux_modern_heading.default\">\n\t\t\t\t<div class=\"elementor-widget-container\">\n\t\t\t\t\t<section class=\"aux-widget-modern-heading\">\n            <div class=\"aux-widget-inner\"><p class=\"aux-modern-heading-primary\">NORTE DE C\u00c1CERES: VALLE DEL AMBROZ.<\/p><h3 class=\"aux-modern-heading-secondary\"><span class=\"aux-head-highlight\">El Valle y sus productos |<\/span><span class=\"aux-head-after\">Fernando Bernaldo (Repostero La Tahona del Ambroz)<\/span><\/h3><div class=\"aux-modern-heading-description\"><p>Taller<\/p><\/div><\/div>\n        <\/section>\t\t\t\t<\/div>\n\t\t\t\t<\/div>\n\t\t\t\t<div class=\"elementor-element elementor-element-61c725c elementor-widget elementor-widget-spacer\" data-id=\"61c725c\" data-element_type=\"widget\" data-e-type=\"widget\" data-widget_type=\"spacer.default\">\n\t\t\t\t<div class=\"elementor-widget-container\">\n\t\t\t\t\t\t\t<div class=\"elementor-spacer\">\n\t\t\t<div class=\"elementor-spacer-inner\"><\/div>\n\t\t<\/div>\n\t\t\t\t\t\t<\/div>\n\t\t\t\t<\/div>\n\t\t\t\t<div class=\"elementor-element elementor-element-39f6c67 aux-appear-watch-animation aux-fade-in-right-1 elementor-widget__width-auto elementor-widget-mobile__width-inherit elementor-widget elementor-widget-aux_text\" data-id=\"39f6c67\" data-element_type=\"widget\" data-e-type=\"widget\" data-widget_type=\"aux_text.default\">\n\t\t\t\t<div class=\"elementor-widget-container\">\n\t\t\t\t\t<section class=\"widget-container aux-widget-text aux-parent-au8a471795\">        <div class=\"aux-widget-advanced-text aux-wrap-style-simple aux-ico-pos- aux-text-center aux-text-resp- aux-text-color-dark aux-text-widget-bg-center aux-text-no-content \" >\n        \n            \n            <div class=\"aux-text-inner aux-text-widget-content\">\n                                <h4 class=\"col-title\">20:00<\/h4>\n                                <h5 class=\"col-subtitle\">s\u00e1bado<\/h5>\n\n                            <\/div>\n        <\/div>\n                    <div class=\"aux-text-widget-footer\">\n                <div class=\"aux-border-shape-none \">\n                                <\/div>\n            <\/div>\n        \n<\/section><!-- widget-container -->\t\t\t\t<\/div>\n\t\t\t\t<\/div>\n\t\t\t\t<div class=\"elementor-element elementor-element-a2a5b9f elementor-widget__width-auto aux-appear-watch-animation aux-fade-in-right-1 elementor-widget-tablet__width-auto elementor-widget elementor-widget-aux_modern_heading\" data-id=\"a2a5b9f\" data-element_type=\"widget\" data-e-type=\"widget\" data-widget_type=\"aux_modern_heading.default\">\n\t\t\t\t<div class=\"elementor-widget-container\">\n\t\t\t\t\t<section class=\"aux-widget-modern-heading\">\n            <div class=\"aux-widget-inner\"><p class=\"aux-modern-heading-primary\">NORTE DE C\u00c1CERES: CAMPO ARA\u00d1UELO.<\/p><h3 class=\"aux-modern-heading-secondary\"><span class=\"aux-head-highlight\">Vaca de Extremadura + Maridaje Vinos Ribera del Guadiana |<br \/><\/span><span class=\"aux-head-after\">Jos\u00e9 Manuel Gal\u00e1n (Chef ejecutivo de Quien le pone el Cascabel al Chef de C\u00e1ceres)<\/span><\/h3><div class=\"aux-modern-heading-description\"><p>Showcooking - D.O.P.\u00a0<\/p><\/div><\/div>\n        <\/section>\t\t\t\t<\/div>\n\t\t\t\t<\/div>\n\t\t\t\t\t<\/div>\n\t\t<\/div>\n\t\t\t\t\t<\/div>\n\t\t<\/section>\n\t\t\t\t<section class=\"elementor-section elementor-top-section elementor-element elementor-element-72caa5b elementor-section-full_width elementor-section-stretched elementor-section-height-default elementor-section-height-default\" data-id=\"72caa5b\" data-element_type=\"section\" data-e-type=\"section\" data-settings=\"{&quot;stretch_section&quot;:&quot;section-stretched&quot;,&quot;background_background&quot;:&quot;classic&quot;}\">\n\t\t\t\t\t\t<div class=\"elementor-container elementor-column-gap-default\">\n\t\t\t\t\t<div class=\"aux-parallax-section elementor-column elementor-col-100 elementor-top-column elementor-element elementor-element-fa51c42\" data-id=\"fa51c42\" data-element_type=\"column\" data-e-type=\"column\" data-settings=\"{&quot;background_background&quot;:&quot;classic&quot;}\">\n\t\t\t<div class=\"elementor-widget-wrap elementor-element-populated\">\n\t\t\t\t\t\t<div class=\"elementor-element elementor-element-a051d25 aux-appear-watch-animation aux-slide-from-right elementor-widget elementor-widget-image\" data-id=\"a051d25\" data-element_type=\"widget\" data-e-type=\"widget\" data-widget_type=\"image.default\">\n\t\t\t\t<div class=\"elementor-widget-container\">\n\t\t\t\t\t\t\t\t\t\t\t\t\t\t\t<img loading=\"lazy\" decoding=\"async\" width=\"3078\" height=\"927\" src=\"https:\/\/2022.jatoprovinciadecaceres.es\/gastrocaceres\/wp-content\/uploads\/sites\/6\/2022\/05\/jota-derecha-w.png\" class=\"attachment-full size-full wp-image-536\" alt=\"jota derecha\" srcset=\"https:\/\/2022.jatoprovinciadecaceres.es\/gastrocaceres\/wp-content\/uploads\/sites\/6\/2022\/05\/jota-derecha-w.png 3078w, https:\/\/2022.jatoprovinciadecaceres.es\/gastrocaceres\/wp-content\/uploads\/sites\/6\/2022\/05\/jota-derecha-w-1536x463.png 1536w, https:\/\/2022.jatoprovinciadecaceres.es\/gastrocaceres\/wp-content\/uploads\/sites\/6\/2022\/05\/jota-derecha-w-2048x617.png 2048w\" sizes=\"(max-width: 3078px) 100vw, 3078px\" \/>\t\t\t\t\t\t\t\t\t\t\t\t\t\t\t<\/div>\n\t\t\t\t<\/div>\n\t\t\t\t\t<\/div>\n\t\t<\/div>\n\t\t\t\t\t<\/div>\n\t\t<\/section>\n\t\t\t\t<section class=\"elementor-section elementor-top-section elementor-element elementor-element-5f19a48 elementor-section-boxed elementor-section-height-default elementor-section-height-default\" data-id=\"5f19a48\" data-element_type=\"section\" data-e-type=\"section\" data-settings=\"{&quot;background_background&quot;:&quot;classic&quot;}\">\n\t\t\t\t\t\t<div class=\"elementor-container elementor-column-gap-default\">\n\t\t\t\t\t<div class=\"aux-parallax-section elementor-column elementor-col-100 elementor-top-column elementor-element elementor-element-c25d08d\" data-id=\"c25d08d\" data-element_type=\"column\" data-e-type=\"column\">\n\t\t\t<div class=\"elementor-widget-wrap elementor-element-populated\">\n\t\t\t\t\t\t<div class=\"elementor-element elementor-element-ab1d086 aux-appear-watch-animation aux-fade-in-up elementor-widget elementor-widget-aux_modern_heading\" data-id=\"ab1d086\" data-element_type=\"widget\" data-e-type=\"widget\" data-widget_type=\"aux_modern_heading.default\">\n\t\t\t\t<div class=\"elementor-widget-container\">\n\t\t\t\t\t<section class=\"aux-widget-modern-heading\">\n            <div class=\"aux-widget-inner\"><h2 class=\"aux-modern-heading-primary\">Domingo 5 de junio de 2022<\/h2><\/div>\n        <\/section>\t\t\t\t<\/div>\n\t\t\t\t<\/div>\n\t\t\t\t<div class=\"elementor-element elementor-element-7fa2589 aux-appear-watch-animation aux-fade-in-right-1 elementor-widget__width-auto elementor-widget-mobile__width-inherit elementor-widget elementor-widget-aux_text\" data-id=\"7fa2589\" data-element_type=\"widget\" data-e-type=\"widget\" data-widget_type=\"aux_text.default\">\n\t\t\t\t<div class=\"elementor-widget-container\">\n\t\t\t\t\t<section class=\"widget-container aux-widget-text aux-parent-aub25b5987\">        <div class=\"aux-widget-advanced-text aux-wrap-style-simple aux-ico-pos- aux-text-center aux-text-resp- aux-text-color-dark aux-text-widget-bg-center aux-text-no-content \" >\n        \n            \n            <div class=\"aux-text-inner aux-text-widget-content\">\n                                <h4 class=\"col-title\">11:00<\/h4>\n                                <h5 class=\"col-subtitle\">domingo<\/h5>\n\n                            <\/div>\n        <\/div>\n                    <div class=\"aux-text-widget-footer\">\n                <div class=\"aux-border-shape-none \">\n                                <\/div>\n            <\/div>\n        \n<\/section><!-- widget-container -->\t\t\t\t<\/div>\n\t\t\t\t<\/div>\n\t\t\t\t<div class=\"elementor-element elementor-element-e81fb1d elementor-widget__width-auto aux-appear-watch-animation aux-fade-in-right-1 elementor-widget-tablet__width-auto elementor-widget elementor-widget-aux_modern_heading\" data-id=\"e81fb1d\" data-element_type=\"widget\" data-e-type=\"widget\" data-widget_type=\"aux_modern_heading.default\">\n\t\t\t\t<div class=\"elementor-widget-container\">\n\t\t\t\t\t<section class=\"aux-widget-modern-heading\">\n            <div class=\"aux-widget-inner\"><p class=\"aux-modern-heading-primary\">TIERRAS DE C\u00c1CERES Y TRUJILLO: C\u00c1CERES.<\/p><h3 class=\"aux-modern-heading-secondary\"><span class=\"aux-head-highlight\">La importancia de un buen pan: La estrella Michel\u00edn del pan | <\/span><span class=\"aux-head-after\">Diego Bautista <br \/>(Jefe de panader\u00eda en Horno La Tradici\u00f3n de C\u00e1ceres)<\/span><\/h3><div class=\"aux-modern-heading-description\"><p>Taller<\/p><\/div><\/div>\n        <\/section>\t\t\t\t<\/div>\n\t\t\t\t<\/div>\n\t\t\t\t<div class=\"elementor-element elementor-element-8d94823 elementor-widget elementor-widget-spacer\" data-id=\"8d94823\" data-element_type=\"widget\" data-e-type=\"widget\" data-widget_type=\"spacer.default\">\n\t\t\t\t<div class=\"elementor-widget-container\">\n\t\t\t\t\t\t\t<div class=\"elementor-spacer\">\n\t\t\t<div class=\"elementor-spacer-inner\"><\/div>\n\t\t<\/div>\n\t\t\t\t\t\t<\/div>\n\t\t\t\t<\/div>\n\t\t\t\t<div class=\"elementor-element elementor-element-ec87cb1 aux-appear-watch-animation aux-fade-in-right-1 elementor-widget__width-auto elementor-widget-mobile__width-inherit elementor-widget elementor-widget-aux_text\" data-id=\"ec87cb1\" data-element_type=\"widget\" data-e-type=\"widget\" data-widget_type=\"aux_text.default\">\n\t\t\t\t<div class=\"elementor-widget-container\">\n\t\t\t\t\t<section class=\"widget-container aux-widget-text aux-parent-au4b2f476b\">        <div class=\"aux-widget-advanced-text aux-wrap-style-simple aux-ico-pos- aux-text-center aux-text-resp- aux-text-color-dark aux-text-widget-bg-center aux-text-no-content \" >\n        \n            \n            <div class=\"aux-text-inner aux-text-widget-content\">\n                                <h4 class=\"col-title\">12:00<\/h4>\n                                <h5 class=\"col-subtitle\">domingo<\/h5>\n\n                            <\/div>\n        <\/div>\n                    <div class=\"aux-text-widget-footer\">\n                <div class=\"aux-border-shape-none \">\n                                <\/div>\n            <\/div>\n        \n<\/section><!-- widget-container -->\t\t\t\t<\/div>\n\t\t\t\t<\/div>\n\t\t\t\t<div class=\"elementor-element elementor-element-c5a14f4 elementor-widget__width-auto aux-appear-watch-animation aux-fade-in-right-1 elementor-widget-tablet__width-auto elementor-widget elementor-widget-aux_modern_heading\" data-id=\"c5a14f4\" data-element_type=\"widget\" data-e-type=\"widget\" data-widget_type=\"aux_modern_heading.default\">\n\t\t\t\t<div class=\"elementor-widget-container\">\n\t\t\t\t\t<section class=\"aux-widget-modern-heading\">\n            <div class=\"aux-widget-inner\"><p class=\"aux-modern-heading-primary\">TIERRAS DE C\u00c1CERES Y TRUJILLO: TAJO-SALOR-ALMONTE.<\/p><h3 class=\"aux-modern-heading-secondary\"><span class=\"aux-head-highlight\">La Tenca | <\/span><span class=\"aux-head-after\">Elvira Bonilla (Jefa de Cocina Hotel La Laguna de Brozas)<\/span><\/h3><div class=\"aux-modern-heading-description\"><p>Showcooking\u00a0<\/p><\/div><\/div>\n        <\/section>\t\t\t\t<\/div>\n\t\t\t\t<\/div>\n\t\t\t\t<div class=\"elementor-element elementor-element-ebe77b8 elementor-widget elementor-widget-spacer\" data-id=\"ebe77b8\" data-element_type=\"widget\" data-e-type=\"widget\" data-widget_type=\"spacer.default\">\n\t\t\t\t<div class=\"elementor-widget-container\">\n\t\t\t\t\t\t\t<div class=\"elementor-spacer\">\n\t\t\t<div class=\"elementor-spacer-inner\"><\/div>\n\t\t<\/div>\n\t\t\t\t\t\t<\/div>\n\t\t\t\t<\/div>\n\t\t\t\t<div class=\"elementor-element elementor-element-0dde644 aux-appear-watch-animation aux-fade-in-right-1 elementor-widget__width-auto elementor-widget-mobile__width-inherit elementor-widget elementor-widget-aux_text\" data-id=\"0dde644\" data-element_type=\"widget\" data-e-type=\"widget\" data-widget_type=\"aux_text.default\">\n\t\t\t\t<div class=\"elementor-widget-container\">\n\t\t\t\t\t<section class=\"widget-container aux-widget-text aux-parent-au715fcd6c\">        <div class=\"aux-widget-advanced-text aux-wrap-style-simple aux-ico-pos- aux-text-center aux-text-resp- aux-text-color-dark aux-text-widget-bg-center aux-text-no-content \" >\n        \n            \n            <div class=\"aux-text-inner aux-text-widget-content\">\n                                <h4 class=\"col-title\">13:00<\/h4>\n                                <h5 class=\"col-subtitle\">domingo<\/h5>\n\n                            <\/div>\n        <\/div>\n                    <div class=\"aux-text-widget-footer\">\n                <div class=\"aux-border-shape-none \">\n                                <\/div>\n            <\/div>\n        \n<\/section><!-- widget-container -->\t\t\t\t<\/div>\n\t\t\t\t<\/div>\n\t\t\t\t<div class=\"elementor-element elementor-element-15d67be elementor-widget__width-auto aux-appear-watch-animation aux-fade-in-right-1 elementor-widget-tablet__width-auto elementor-widget elementor-widget-aux_modern_heading\" data-id=\"15d67be\" data-element_type=\"widget\" data-e-type=\"widget\" data-widget_type=\"aux_modern_heading.default\">\n\t\t\t\t<div class=\"elementor-widget-container\">\n\t\t\t\t\t<section class=\"aux-widget-modern-heading\">\n            <div class=\"aux-widget-inner\"><p class=\"aux-modern-heading-primary\">TIERRAS DE C\u00c1CERES Y TRUJILLO: MIAJADAS-TRUJILLO. <\/p><h3 class=\"aux-modern-heading-secondary\"><span class=\"aux-head-highlight\">Cordero de Extremadura y arroz de Miajadas + Maridaje Vinos Ribera del Guadiana | <\/span><span class=\"aux-head-after\">Jos\u00e9 Manuel Gal\u00e1n <br \/>( Chef ejecutivo de Quien le Pone el Cascabel al Chef de C\u00e1ceres)<\/span><\/h3><div class=\"aux-modern-heading-description\"><p>Showcooking - I.G.P. - D.O.P.<\/p><\/div><\/div>\n        <\/section>\t\t\t\t<\/div>\n\t\t\t\t<\/div>\n\t\t\t\t<div class=\"elementor-element elementor-element-10a8a41 elementor-widget elementor-widget-spacer\" data-id=\"10a8a41\" data-element_type=\"widget\" data-e-type=\"widget\" data-widget_type=\"spacer.default\">\n\t\t\t\t<div class=\"elementor-widget-container\">\n\t\t\t\t\t\t\t<div class=\"elementor-spacer\">\n\t\t\t<div class=\"elementor-spacer-inner\"><\/div>\n\t\t<\/div>\n\t\t\t\t\t\t<\/div>\n\t\t\t\t<\/div>\n\t\t\t\t<div class=\"elementor-element elementor-element-1cc17a3 aux-appear-watch-animation aux-fade-in-right-1 elementor-widget__width-auto elementor-widget-mobile__width-inherit elementor-widget elementor-widget-aux_text\" data-id=\"1cc17a3\" data-element_type=\"widget\" data-e-type=\"widget\" data-widget_type=\"aux_text.default\">\n\t\t\t\t<div class=\"elementor-widget-container\">\n\t\t\t\t\t<section class=\"widget-container aux-widget-text aux-parent-au3b03b138\">        <div class=\"aux-widget-advanced-text aux-wrap-style-simple aux-ico-pos- aux-text-center aux-text-resp- aux-text-color-dark aux-text-widget-bg-center aux-text-no-content \" >\n        \n            \n            <div class=\"aux-text-inner aux-text-widget-content\">\n                                <h4 class=\"col-title\">14:00<\/h4>\n                                <h5 class=\"col-subtitle\">domingo<\/h5>\n\n                            <\/div>\n        <\/div>\n                    <div class=\"aux-text-widget-footer\">\n                <div class=\"aux-border-shape-none \">\n                                <\/div>\n            <\/div>\n        \n<\/section><!-- widget-container -->\t\t\t\t<\/div>\n\t\t\t\t<\/div>\n\t\t\t\t<div class=\"elementor-element elementor-element-fcda63e elementor-widget__width-auto aux-appear-watch-animation aux-fade-in-right-1 elementor-widget-tablet__width-auto elementor-widget elementor-widget-aux_modern_heading\" data-id=\"fcda63e\" data-element_type=\"widget\" data-e-type=\"widget\" data-widget_type=\"aux_modern_heading.default\">\n\t\t\t\t<div class=\"elementor-widget-container\">\n\t\t\t\t\t<section class=\"aux-widget-modern-heading\">\n            <div class=\"aux-widget-inner\"><p class=\"aux-modern-heading-primary\">TIERRAS DE C\u00c1CERES Y TRUJILLO: TAJO - SALOR - ALMONTE.<\/p><h3 class=\"aux-modern-heading-secondary\"><span class=\"aux-head-highlight\">La Patatera |<\/span><span class=\"aux-head-after\">Francisco Romero Dom\u00ednguez (Jefe de Cocina del Parador de C\u00e1ceres)<\/span><\/h3><div class=\"aux-modern-heading-description\"><p>Showcooking<\/p><\/div><\/div>\n        <\/section>\t\t\t\t<\/div>\n\t\t\t\t<\/div>\n\t\t\t\t<div class=\"elementor-element elementor-element-20b188a elementor-widget elementor-widget-spacer\" data-id=\"20b188a\" data-element_type=\"widget\" data-e-type=\"widget\" data-widget_type=\"spacer.default\">\n\t\t\t\t<div class=\"elementor-widget-container\">\n\t\t\t\t\t\t\t<div class=\"elementor-spacer\">\n\t\t\t<div class=\"elementor-spacer-inner\"><\/div>\n\t\t<\/div>\n\t\t\t\t\t\t<\/div>\n\t\t\t\t<\/div>\n\t\t\t\t<div class=\"elementor-element elementor-element-7fb0812 aux-appear-watch-animation aux-fade-in-right-1 elementor-widget__width-auto elementor-widget-mobile__width-inherit elementor-widget elementor-widget-aux_text\" data-id=\"7fb0812\" data-element_type=\"widget\" data-e-type=\"widget\" data-widget_type=\"aux_text.default\">\n\t\t\t\t<div class=\"elementor-widget-container\">\n\t\t\t\t\t<section class=\"widget-container aux-widget-text aux-parent-aua104d7e5\">        <div class=\"aux-widget-advanced-text aux-wrap-style-simple aux-ico-pos- aux-text-center aux-text-resp- aux-text-color-dark aux-text-widget-bg-center aux-text-no-content \" >\n        \n            \n            <div class=\"aux-text-inner aux-text-widget-content\">\n                                <h4 class=\"col-title\">15:00<\/h4>\n                                <h5 class=\"col-subtitle\">domingo<\/h5>\n\n                            <\/div>\n        <\/div>\n                    <div class=\"aux-text-widget-footer\">\n                <div class=\"aux-border-shape-none \">\n                                <\/div>\n            <\/div>\n        \n<\/section><!-- widget-container -->\t\t\t\t<\/div>\n\t\t\t\t<\/div>\n\t\t\t\t<div class=\"elementor-element elementor-element-09aee4d elementor-widget__width-auto aux-appear-watch-animation aux-fade-in-right-1 elementor-widget-tablet__width-auto elementor-widget elementor-widget-aux_modern_heading\" data-id=\"09aee4d\" data-element_type=\"widget\" data-e-type=\"widget\" data-widget_type=\"aux_modern_heading.default\">\n\t\t\t\t<div class=\"elementor-widget-container\">\n\t\t\t\t\t<section class=\"aux-widget-modern-heading\">\n            <div class=\"aux-widget-inner\"><p class=\"aux-modern-heading-primary\">NORTE DE C\u00c1CERES: SIERRA DE GATA.<\/p><h3 class=\"aux-modern-heading-secondary\"><span class=\"aux-head-highlight\">Las setas y Sierra de Gata. |<\/span><span class=\"aux-head-after\">F\u00e1tima Carrasco (Jefa de Cocina de Casa Laura de Valverde del Fresno)<\/span><\/h3><div class=\"aux-modern-heading-description\"><p>Showcooking<\/p><\/div><\/div>\n        <\/section>\t\t\t\t<\/div>\n\t\t\t\t<\/div>\n\t\t\t\t\t<\/div>\n\t\t<\/div>\n\t\t\t\t\t<\/div>\n\t\t<\/section>\n\t\t\t\t<section class=\"elementor-section elementor-top-section elementor-element elementor-element-d05d94d elementor-section-full_width elementor-section-stretched elementor-section-height-default elementor-section-height-default\" data-id=\"d05d94d\" data-element_type=\"section\" data-e-type=\"section\" data-settings=\"{&quot;stretch_section&quot;:&quot;section-stretched&quot;}\">\n\t\t\t\t\t\t<div class=\"elementor-container elementor-column-gap-default\">\n\t\t\t\t\t<div class=\"aux-parallax-section elementor-column elementor-col-100 elementor-top-column elementor-element elementor-element-8705419\" data-id=\"8705419\" data-element_type=\"column\" data-e-type=\"column\" data-settings=\"{&quot;background_background&quot;:&quot;classic&quot;}\">\n\t\t\t<div class=\"elementor-widget-wrap elementor-element-populated\">\n\t\t\t\t\t\t<div class=\"elementor-element elementor-element-4c6b6a3 aux-appear-watch-animation aux-slide-from-left elementor-widget elementor-widget-image\" data-id=\"4c6b6a3\" data-element_type=\"widget\" data-e-type=\"widget\" data-widget_type=\"image.default\">\n\t\t\t\t<div class=\"elementor-widget-container\">\n\t\t\t\t\t\t\t\t\t\t\t\t\t\t\t<img loading=\"lazy\" decoding=\"async\" width=\"3078\" height=\"927\" src=\"https:\/\/2022.jatoprovinciadecaceres.es\/gastrocaceres\/wp-content\/uploads\/sites\/6\/2022\/05\/jota-izquierda.png\" class=\"attachment-full size-full wp-image-525\" alt=\"jota izquierda\" srcset=\"https:\/\/2022.jatoprovinciadecaceres.es\/gastrocaceres\/wp-content\/uploads\/sites\/6\/2022\/05\/jota-izquierda.png 3078w, https:\/\/2022.jatoprovinciadecaceres.es\/gastrocaceres\/wp-content\/uploads\/sites\/6\/2022\/05\/jota-izquierda-1536x463.png 1536w, https:\/\/2022.jatoprovinciadecaceres.es\/gastrocaceres\/wp-content\/uploads\/sites\/6\/2022\/05\/jota-izquierda-2048x617.png 2048w\" sizes=\"(max-width: 3078px) 100vw, 3078px\" \/>\t\t\t\t\t\t\t\t\t\t\t\t\t\t\t<\/div>\n\t\t\t\t<\/div>\n\t\t\t\t\t<\/div>\n\t\t<\/div>\n\t\t\t\t\t<\/div>\n\t\t<\/section>\n\t\t\t\t<section class=\"elementor-section elementor-top-section elementor-element elementor-element-804b02d aux-cyclist-contact elementor-section-boxed elementor-section-height-default elementor-section-height-default\" data-id=\"804b02d\" data-element_type=\"section\" data-e-type=\"section\" id=\"contact\" data-settings=\"{&quot;background_background&quot;:&quot;classic&quot;}\">\n\t\t\t\t\t\t<div class=\"elementor-container elementor-column-gap-no\">\n\t\t\t\t\t<div class=\"aux-parallax-section elementor-column elementor-col-33 elementor-top-column elementor-element elementor-element-f0b2558\" data-id=\"f0b2558\" data-element_type=\"column\" data-e-type=\"column\">\n\t\t\t<div class=\"elementor-widget-wrap\">\n\t\t\t\t\t\t\t<\/div>\n\t\t<\/div>\n\t\t\t\t<div class=\"aux-parallax-section elementor-column elementor-col-33 elementor-top-column elementor-element elementor-element-25173ef aux-appear-watch-animation aux-mask-from-left\" data-id=\"25173ef\" data-element_type=\"column\" data-e-type=\"column\" data-settings=\"{&quot;background_background&quot;:&quot;gradient&quot;}\">\n\t\t\t<div class=\"elementor-widget-wrap elementor-element-populated\">\n\t\t\t\t\t\t<div class=\"elementor-element elementor-element-b868f67 aux-appear-watch-animation aux-fade-in-up elementor-widget elementor-widget-text-editor\" data-id=\"b868f67\" data-element_type=\"widget\" data-e-type=\"widget\" data-widget_type=\"text-editor.default\">\n\t\t\t\t<div class=\"elementor-widget-container\">\n\t\t\t\t\t\t\t\t\t<p>\u00bfTe interesa participar en alguna actividad gastron\u00f3mica?<\/p>\t\t\t\t\t\t\t\t<\/div>\n\t\t\t\t<\/div>\n\t\t\t\t<div class=\"elementor-element elementor-element-a33313d aux-appear-watch-animation aux-fade-in-up elementor-widget elementor-widget-aux_modern_heading\" data-id=\"a33313d\" data-element_type=\"widget\" data-e-type=\"widget\" data-widget_type=\"aux_modern_heading.default\">\n\t\t\t\t<div class=\"elementor-widget-container\">\n\t\t\t\t\t<section class=\"aux-widget-modern-heading\">\n            <div class=\"aux-widget-inner\"><a href=\"\/gastrocaceres\/inscribete\/\" class=\"aux-modern-heading-primary-link\"><h2 class=\"aux-modern-heading-primary\">Inscr\u00edbete<\/h2><\/a><\/div>\n        <\/section>\t\t\t\t<\/div>\n\t\t\t\t<\/div>\n\t\t\t\t<div class=\"elementor-element elementor-element-c811357 aux-appear-watch-animation aux-fade-in-up elementor-widget elementor-widget-text-editor\" data-id=\"c811357\" data-element_type=\"widget\" data-e-type=\"widget\" data-widget_type=\"text-editor.default\">\n\t\t\t\t<div class=\"elementor-widget-container\">\n\t\t\t\t\t\t\t\t\t<strong>*<\/strong> M\u00e1ximo 2 inscripciones por persona.\t\t\t\t\t\t\t\t<\/div>\n\t\t\t\t<\/div>\n\t\t\t\t\t<\/div>\n\t\t<\/div>\n\t\t\t\t<div class=\"aux-parallax-section elementor-column elementor-col-33 elementor-top-column elementor-element elementor-element-e1eb217\" data-id=\"e1eb217\" data-element_type=\"column\" data-e-type=\"column\">\n\t\t\t<div class=\"elementor-widget-wrap\">\n\t\t\t\t\t\t\t<\/div>\n\t\t<\/div>\n\t\t\t\t\t<\/div>\n\t\t<\/section>\n\t\t\t\t<\/div>\n\t\t","protected":false},"excerpt":{"rendered":"<p>Encuentro de Oportunidades en el Medio Rural de la Provincia de C\u00e1ceres 3-5 junio 2022 C\u00e1ceres Programaci\u00f3nGastron\u00f3mica Disfruta de la gastronom\u00eda de la provincia de C\u00e1ceres en JATO. Del 3 al 5 de junio cocineros de relevancia regional y nacional realizar\u00e1n talleres y showcookings con productos singulares, significativos de cada comarca y con denominaci\u00f3n e [&hellip;]<\/p>\n","protected":false},"author":8,"featured_media":0,"parent":0,"menu_order":0,"comment_status":"closed","ping_status":"closed","template":"templates\/page-builder-content.php","meta":{"footnotes":""},"class_list":["post-121","page","type-page","status-publish","hentry"],"yoast_head":"<!-- This site is optimized with the Yoast SEO plugin v27.1.1 - https:\/\/yoast.com\/product\/yoast-seo-wordpress\/ -->\n<title>JATO GastroC\u00e1ceres GastroC\u00e1ceres<\/title>\n<meta name=\"description\" content=\"C\u00e1ceres es el escenario perfecto para dar a conocer la cultura cacere\u00f1a y promocionar la m\u00fasica, artesan\u00eda, gastronom\u00eda y productos\" \/>\n<meta name=\"robots\" content=\"noindex, follow, max-snippet:-1, max-image-preview:large, max-video-preview:-1\" \/>\n<meta property=\"og:locale\" content=\"es_ES\" \/>\n<meta property=\"og:type\" content=\"article\" \/>\n<meta property=\"og:title\" content=\"JATO GastroC\u00e1ceres GastroC\u00e1ceres\" \/>\n<meta property=\"og:description\" content=\"C\u00e1ceres es el escenario perfecto para dar a conocer la cultura cacere\u00f1a y promocionar la m\u00fasica, artesan\u00eda, gastronom\u00eda y productos\" \/>\n<meta property=\"og:url\" content=\"https:\/\/2022.jatoprovinciadecaceres.es\/gastrocaceres\/\" \/>\n<meta property=\"og:site_name\" content=\"JATO GastroC\u00e1ceres\" \/>\n<meta property=\"article:modified_time\" content=\"2022-05-30T11:50:32+00:00\" \/>\n<meta property=\"og:image\" content=\"https:\/\/2022.jatoprovinciadecaceres.es\/wp-content\/uploads\/sites\/6\/2022\/05\/jota-turismo.png\" \/>\n<meta name=\"twitter:card\" content=\"summary_large_image\" \/>\n<meta name=\"twitter:label1\" content=\"Tiempo de lectura\" \/>\n\t<meta name=\"twitter:data1\" content=\"5 minutos\" \/>\n<script type=\"application\/ld+json\" class=\"yoast-schema-graph\">{\"@context\":\"https:\/\/schema.org\",\"@graph\":[{\"@type\":\"WebPage\",\"@id\":\"https:\/\/2022.jatoprovinciadecaceres.es\/gastrocaceres\/\",\"url\":\"https:\/\/2022.jatoprovinciadecaceres.es\/gastrocaceres\/\",\"name\":\"JATO GastroC\u00e1ceres GastroC\u00e1ceres\",\"isPartOf\":{\"@id\":\"https:\/\/2022.jatoprovinciadecaceres.es\/gastrocaceres\/#website\"},\"primaryImageOfPage\":{\"@id\":\"https:\/\/2022.jatoprovinciadecaceres.es\/gastrocaceres\/#primaryimage\"},\"image\":{\"@id\":\"https:\/\/2022.jatoprovinciadecaceres.es\/gastrocaceres\/#primaryimage\"},\"thumbnailUrl\":\"https:\/\/2022.jatoprovinciadecaceres.es\/wp-content\/uploads\/sites\/6\/2022\/05\/jota-turismo.png\",\"datePublished\":\"2019-12-22T10:33:12+00:00\",\"dateModified\":\"2022-05-30T11:50:32+00:00\",\"description\":\"C\u00e1ceres es el escenario perfecto para dar a conocer la cultura cacere\u00f1a y promocionar la m\u00fasica, artesan\u00eda, gastronom\u00eda y productos\",\"breadcrumb\":{\"@id\":\"https:\/\/2022.jatoprovinciadecaceres.es\/gastrocaceres\/#breadcrumb\"},\"inLanguage\":\"es\",\"potentialAction\":[{\"@type\":\"ReadAction\",\"target\":[\"https:\/\/2022.jatoprovinciadecaceres.es\/gastrocaceres\/\"]}]},{\"@type\":\"ImageObject\",\"inLanguage\":\"es\",\"@id\":\"https:\/\/2022.jatoprovinciadecaceres.es\/gastrocaceres\/#primaryimage\",\"url\":\"https:\/\/2022.jatoprovinciadecaceres.es\/wp-content\/uploads\/sites\/6\/2022\/05\/jota-turismo.png\",\"contentUrl\":\"https:\/\/2022.jatoprovinciadecaceres.es\/wp-content\/uploads\/sites\/6\/2022\/05\/jota-turismo.png\"},{\"@type\":\"BreadcrumbList\",\"@id\":\"https:\/\/2022.jatoprovinciadecaceres.es\/gastrocaceres\/#breadcrumb\",\"itemListElement\":[{\"@type\":\"ListItem\",\"position\":1,\"name\":\"Portada\",\"item\":\"https:\/\/2022.jatoprovinciadecaceres.es\/gastrocaceres\/\"},{\"@type\":\"ListItem\",\"position\":2,\"name\":\"Inicio\"}]},{\"@type\":\"WebSite\",\"@id\":\"https:\/\/2022.jatoprovinciadecaceres.es\/gastrocaceres\/#website\",\"url\":\"https:\/\/2022.jatoprovinciadecaceres.es\/gastrocaceres\/\",\"name\":\"JATO GastroC\u00e1ceres\",\"description\":\"GastroC\u00e1ceres\",\"publisher\":{\"@id\":\"https:\/\/2022.jatoprovinciadecaceres.es\/gastrocaceres\/#organization\"},\"potentialAction\":[{\"@type\":\"SearchAction\",\"target\":{\"@type\":\"EntryPoint\",\"urlTemplate\":\"https:\/\/2022.jatoprovinciadecaceres.es\/gastrocaceres\/?s={search_term_string}\"},\"query-input\":{\"@type\":\"PropertyValueSpecification\",\"valueRequired\":true,\"valueName\":\"search_term_string\"}}],\"inLanguage\":\"es\"},{\"@type\":\"Organization\",\"@id\":\"https:\/\/2022.jatoprovinciadecaceres.es\/gastrocaceres\/#organization\",\"name\":\"JATO GastroC\u00e1ceres\",\"url\":\"https:\/\/2022.jatoprovinciadecaceres.es\/gastrocaceres\/\",\"logo\":{\"@type\":\"ImageObject\",\"inLanguage\":\"es\",\"@id\":\"https:\/\/2022.jatoprovinciadecaceres.es\/gastrocaceres\/#\/schema\/logo\/image\/\",\"url\":\"https:\/\/2022.jatoprovinciadecaceres.es\/gastrocaceres\/wp-content\/uploads\/sites\/6\/2022\/05\/Logo-jato.png\",\"contentUrl\":\"https:\/\/2022.jatoprovinciadecaceres.es\/gastrocaceres\/wp-content\/uploads\/sites\/6\/2022\/05\/Logo-jato.png\",\"width\":498,\"height\":497,\"caption\":\"JATO GastroC\u00e1ceres\"},\"image\":{\"@id\":\"https:\/\/2022.jatoprovinciadecaceres.es\/gastrocaceres\/#\/schema\/logo\/image\/\"}}]}<\/script>\n<!-- \/ Yoast SEO plugin. -->","yoast_head_json":{"title":"JATO GastroC\u00e1ceres GastroC\u00e1ceres","description":"C\u00e1ceres es el escenario perfecto para dar a conocer la cultura cacere\u00f1a y promocionar la m\u00fasica, artesan\u00eda, gastronom\u00eda y productos","robots":{"index":"noindex","follow":"follow","max-snippet":"max-snippet:-1","max-image-preview":"max-image-preview:large","max-video-preview":"max-video-preview:-1"},"og_locale":"es_ES","og_type":"article","og_title":"JATO GastroC\u00e1ceres GastroC\u00e1ceres","og_description":"C\u00e1ceres es el escenario perfecto para dar a conocer la cultura cacere\u00f1a y promocionar la m\u00fasica, artesan\u00eda, gastronom\u00eda y productos","og_url":"https:\/\/2022.jatoprovinciadecaceres.es\/gastrocaceres\/","og_site_name":"JATO GastroC\u00e1ceres","article_modified_time":"2022-05-30T11:50:32+00:00","og_image":[{"url":"https:\/\/2022.jatoprovinciadecaceres.es\/wp-content\/uploads\/sites\/6\/2022\/05\/jota-turismo.png","type":"","width":"","height":""}],"twitter_card":"summary_large_image","twitter_misc":{"Tiempo de lectura":"5 minutos"},"schema":{"@context":"https:\/\/schema.org","@graph":[{"@type":"WebPage","@id":"https:\/\/2022.jatoprovinciadecaceres.es\/gastrocaceres\/","url":"https:\/\/2022.jatoprovinciadecaceres.es\/gastrocaceres\/","name":"JATO GastroC\u00e1ceres GastroC\u00e1ceres","isPartOf":{"@id":"https:\/\/2022.jatoprovinciadecaceres.es\/gastrocaceres\/#website"},"primaryImageOfPage":{"@id":"https:\/\/2022.jatoprovinciadecaceres.es\/gastrocaceres\/#primaryimage"},"image":{"@id":"https:\/\/2022.jatoprovinciadecaceres.es\/gastrocaceres\/#primaryimage"},"thumbnailUrl":"https:\/\/2022.jatoprovinciadecaceres.es\/wp-content\/uploads\/sites\/6\/2022\/05\/jota-turismo.png","datePublished":"2019-12-22T10:33:12+00:00","dateModified":"2022-05-30T11:50:32+00:00","description":"C\u00e1ceres es el escenario perfecto para dar a conocer la cultura cacere\u00f1a y promocionar la m\u00fasica, artesan\u00eda, gastronom\u00eda y productos","breadcrumb":{"@id":"https:\/\/2022.jatoprovinciadecaceres.es\/gastrocaceres\/#breadcrumb"},"inLanguage":"es","potentialAction":[{"@type":"ReadAction","target":["https:\/\/2022.jatoprovinciadecaceres.es\/gastrocaceres\/"]}]},{"@type":"ImageObject","inLanguage":"es","@id":"https:\/\/2022.jatoprovinciadecaceres.es\/gastrocaceres\/#primaryimage","url":"https:\/\/2022.jatoprovinciadecaceres.es\/wp-content\/uploads\/sites\/6\/2022\/05\/jota-turismo.png","contentUrl":"https:\/\/2022.jatoprovinciadecaceres.es\/wp-content\/uploads\/sites\/6\/2022\/05\/jota-turismo.png"},{"@type":"BreadcrumbList","@id":"https:\/\/2022.jatoprovinciadecaceres.es\/gastrocaceres\/#breadcrumb","itemListElement":[{"@type":"ListItem","position":1,"name":"Portada","item":"https:\/\/2022.jatoprovinciadecaceres.es\/gastrocaceres\/"},{"@type":"ListItem","position":2,"name":"Inicio"}]},{"@type":"WebSite","@id":"https:\/\/2022.jatoprovinciadecaceres.es\/gastrocaceres\/#website","url":"https:\/\/2022.jatoprovinciadecaceres.es\/gastrocaceres\/","name":"JATO GastroC\u00e1ceres","description":"GastroC\u00e1ceres","publisher":{"@id":"https:\/\/2022.jatoprovinciadecaceres.es\/gastrocaceres\/#organization"},"potentialAction":[{"@type":"SearchAction","target":{"@type":"EntryPoint","urlTemplate":"https:\/\/2022.jatoprovinciadecaceres.es\/gastrocaceres\/?s={search_term_string}"},"query-input":{"@type":"PropertyValueSpecification","valueRequired":true,"valueName":"search_term_string"}}],"inLanguage":"es"},{"@type":"Organization","@id":"https:\/\/2022.jatoprovinciadecaceres.es\/gastrocaceres\/#organization","name":"JATO GastroC\u00e1ceres","url":"https:\/\/2022.jatoprovinciadecaceres.es\/gastrocaceres\/","logo":{"@type":"ImageObject","inLanguage":"es","@id":"https:\/\/2022.jatoprovinciadecaceres.es\/gastrocaceres\/#\/schema\/logo\/image\/","url":"https:\/\/2022.jatoprovinciadecaceres.es\/gastrocaceres\/wp-content\/uploads\/sites\/6\/2022\/05\/Logo-jato.png","contentUrl":"https:\/\/2022.jatoprovinciadecaceres.es\/gastrocaceres\/wp-content\/uploads\/sites\/6\/2022\/05\/Logo-jato.png","width":498,"height":497,"caption":"JATO GastroC\u00e1ceres"},"image":{"@id":"https:\/\/2022.jatoprovinciadecaceres.es\/gastrocaceres\/#\/schema\/logo\/image\/"}}]}},"_links":{"self":[{"href":"https:\/\/2022.jatoprovinciadecaceres.es\/gastrocaceres\/wp-json\/wp\/v2\/pages\/121","targetHints":{"allow":["GET"]}}],"collection":[{"href":"https:\/\/2022.jatoprovinciadecaceres.es\/gastrocaceres\/wp-json\/wp\/v2\/pages"}],"about":[{"href":"https:\/\/2022.jatoprovinciadecaceres.es\/gastrocaceres\/wp-json\/wp\/v2\/types\/page"}],"author":[{"embeddable":true,"href":"https:\/\/2022.jatoprovinciadecaceres.es\/gastrocaceres\/wp-json\/wp\/v2\/users\/8"}],"replies":[{"embeddable":true,"href":"https:\/\/2022.jatoprovinciadecaceres.es\/gastrocaceres\/wp-json\/wp\/v2\/comments?post=121"}],"version-history":[{"count":0,"href":"https:\/\/2022.jatoprovinciadecaceres.es\/gastrocaceres\/wp-json\/wp\/v2\/pages\/121\/revisions"}],"wp:attachment":[{"href":"https:\/\/2022.jatoprovinciadecaceres.es\/gastrocaceres\/wp-json\/wp\/v2\/media?parent=121"}],"curies":[{"name":"wp","href":"https:\/\/api.w.org\/{rel}","templated":true}]}}